{"id":2328,"date":"2025-05-27T10:33:23","date_gmt":"2025-05-27T10:33:23","guid":{"rendered":"https:\/\/devabor.com\/?page_id=2328"},"modified":"2025-06-09T15:44:16","modified_gmt":"2025-06-09T15:44:16","slug":"altalanos-szerzodesi-feltetelek-2","status":"publish","type":"page","link":"https:\/\/devabor.com\/en\/altalanos-szerzodesi-feltetelek-2\/","title":{"rendered":"\u00c1LTAL\u00c1NOS SZERZ\u0150D\u00c9SI FELT\u00c9TELEK"},"content":{"rendered":"\t\t<div data-elementor-type=\"wp-page\" data-elementor-id=\"2328\" class=\"elementor elementor-2328\" data-elementor-post-type=\"page\">\n\t\t\t\t<div class=\"elementor-element elementor-element-5e8fb3ea e-flex e-con-boxed e-con e-parent\" data-id=\"5e8fb3ea\" data-element_type=\"container\" data-e-type=\"container\">\n\t\t\t\t\t<div class=\"e-con-inner\">\n\t\t\t\t<div class=\"elementor-element elementor-element-663e8e9a elementor-widget elementor-widget-text-editor\" data-id=\"663e8e9a\" data-element_type=\"widget\" data-e-type=\"widget\" data-widget_type=\"text-editor.default\">\n\t\t\t\t<div class=\"elementor-widget-container\">\n\t\t\t\t\t\t\t\t\t<p><\/p>\n<p>Legyen kedves gondosan elolvasni \u00c1ltal\u00e1nos szerz\u0151d\u00e9si felt\u00e9teleinket, hiszen \u00d6n rendel\u00e9se lead\u00e1s\u00e1val elfogadja C\u00e9g\u00fcnk \u00c1ltal\u00e1nos szerz\u0151d\u00e9si felt\u00e9teleit!<\/p>\n<h5><\/h5>\n<h5>Amennyiben webshopunk haszn\u00e1lat\u00e1val, a v\u00e1s\u00e1rl\u00e1s folyamat\u00e1val, az \u00e1ltalunk \u00e9rt\u00e9kes\u00edtett \u00e1rukkal vagy \u00c1ltal\u00e1nos szerz\u0151d\u00e9si felt\u00e9teleinkkel kapcsolatos k\u00e9rd\u00e9se<br>van, felveheti C\u00e9g\u00fcnkkel a kapcsolatot az al\u00e1bbi el\u00e9rhet\u0151s\u00e9geken:<\/h5>\n<h5><\/h5>\n<h5>Adatok: D\u00e9vabor &#8211; Hausel D\u00f3ra \u00c9va<br>Sz\u00e9khelye: 3907, T\u00e1llya, Zr\u00ednyi Mikl\u00f3s utca 32.<br>Postac\u00edme: 3907, T\u00e1llya, Zr\u00ednyi Mikl\u00f3s utca 32.<br>Ad\u00f3sz\u00e1ma: 56797907-1-25<br>Ny\u00edlv\u00e1ntart\u00e1si sz\u00e1m: 10170520<\/h5>\n<p><\/p>\n<p>K\u00e9pvisel\u0151 neve: Hausel D\u00f3ra \u00c9va<br>Honlap c\u00edme: www.devabor.com<br>E-mail c\u00edm: info@devabor.com<br>Telefonsz\u00e1m: +36 30-871 3791<br>T\u00e1rhelyszolg\u00e1ltat\u00f3 adatai: Sybell Informatika Kft.<br>T\u00e1rhely szolg\u00e1ltat\u00f3 neve<strong>:<\/strong>&nbsp;Sybell Informatika Kft.<br><strong>Szolg\u00e1ltat\u00f3 c\u00edme:<\/strong>&nbsp;1138 Budapest, Tomori utca 34. 2. emelet<br><strong>Telefon:<\/strong>&nbsp;+36 1 707 67 27<br><strong>E-mail:<\/strong>&nbsp;<a href=\"mailto:info@sybell.hu\">info@sybell.hu<\/a><br><strong>Web:<\/strong>&nbsp;<a href=\"http:\/\/www.sybell.hu\/\">www.sybell.hu<\/a><\/p>\n<h5><\/h5>\n<h5><strong>Fogalmak:<br><\/strong>Felek: Elad\u00f3 \u00e9s Fogyaszt\u00f3\/V\u00e1llalkoz\u00e1s egy\u00fcttesen<br>Fogyaszt\u00f3: gazdas\u00e1gi tev\u00e9kenys\u00e9ge, illetve szakm\u00e1ja k\u00f6r\u00e9n k\u00edv\u00fcl elj\u00e1r\u00f3 nagykor\u00fa, 18. \u00e9let\u00e9v\u00e9t bet\u00f6lt\u00f6tt term\u00e9szetes szem\u00e9ly<br>Fogyaszt\u00f3i szerz\u0151d\u00e9s: szerz\u0151d\u00e9s, melynek egyik alanya Fogyaszt\u00f3nak min\u0151s\u00fcl<br>J\u00f3t\u00e1ll\u00e1s: a Fogyaszt\u00f3i szerz\u0151d\u00e9s eset\u00e9ben a Polg\u00e1ri T\u00f6rv\u00e9nyk\u00f6nyv szerint<\/h5>\n<h5><\/h5>\n<ul class=\"wp-block-list\">\n<li style=\"list-style-type: none;\">\n<ul><\/ul>\n<\/li>\n<\/ul>\n<ul>\n<li style=\"list-style-type: none;\">\n<ul>\n<li>\n<h5>jogszab\u00e1lyi k\u00f6telezetts\u00e9gen t\u00falmutat\u00f3, illetve \u00f6nk\u00e9nt, a szerz\u0151d\u00e9s<\/h5>\n<h5>megfelel\u0151 teljes\u00edt\u00e9s\u00e9\u00e9rt v\u00e1llalt j\u00f3t\u00e1ll\u00e1s<\/h5>\n<\/li>\n<\/ul>\n<\/li>\n<\/ul>\n<p><\/p>\n<ul>\n<li style=\"list-style-type: none;\">\n<ul>\n<li>\n<h5>k\u00f6telez\u0151 j\u00f3t\u00e1ll\u00e1s, mely jogszab\u00e1lyon alapul<\/h5>\n<\/li>\n<\/ul>\n<\/li>\n<\/ul>\n<p><\/p>\n<h5><\/h5>\n<h5>Szerz\u0151d\u00e9s: Elad\u00f3 \u00e9s Fogyaszt\u00f3\/V\u00e1llalkoz\u00e1s k\u00f6z\u00f6tt a webshop \u00e9s e-mail felhaszn\u00e1l\u00e1s\u00e1val t\u00f6rt\u00e9n\u0151 ad\u00e1sv\u00e9teli szerz\u0151d\u00e9s megk\u00f6t\u00e9se<br>T\u00e1voll\u00e9v\u0151k k\u00f6z\u00f6tt k\u00f6t\u00f6tt szerz\u0151d\u00e9s: olyan fogyaszt\u00f3i szerz\u0151d\u00e9s, amelyet a szerz\u0151d\u00e9s szerinti \u00e1ru vagy szolg\u00e1ltat\u00e1s ny\u00fajt\u00e1s\u00e1ra szervezett t\u00e1v\u00e9rt\u00e9kes\u00edt\u00e9si rendszer<br>keret\u00e9ben a felek egyidej\u0171 fizikai jelenl\u00e9te n\u00e9lk\u00fcl \u00fagy k\u00f6tnek meg, hogy a szerz\u0151d\u00e9s megk\u00f6t\u00e9se \u00e9rdek\u00e9ben a szerz\u0151d\u0151 felek kiz\u00e1r\u00f3lag t\u00e1voll\u00e9v\u0151k k\u00f6z\u00f6tti kommunik\u00e1ci\u00f3t lehet\u0151v\u00e9 t\u00e9v\u0151 eszk\u00f6zt alkalmaznak. \u00c1ru: webshopunk k\u00edn\u00e1lat\u00e1ban l\u00e9v\u0151, elad\u00e1sra sz\u00e1nt, birtokba vehet\u0151:<br>\u25cf ing\u00f3 dolog, ide\u00e9rtve a tart\u00e1lyban, palackban vagy egy\u00e9b m\u00f3don korl\u00e1tozott<br>mennyis\u00e9gben vagy meghat\u00e1rozott \u0171rtartalommal kiszerelt v\u00edz, g\u00e1z \u00e9s villamos<br>energia, valamint<br>\u25cf ing\u00f3 dolog, amely digit\u00e1lis tartalmat vagy digit\u00e1lis szolg\u00e1ltat\u00e1st foglal mag\u00e1ban vagy azzal \u00f6ssze van kapcsolva, olyan m\u00f3don, hogy az \u00e9rintett digit\u00e1lis<br>tartalom vagy digit\u00e1lis szolg\u00e1ltat\u00e1s hi\u00e1ny\u00e1ban az \u00e1ru nem tudn\u00e1 bet\u00f6lteni funkci\u00f3it (a tov\u00e1bbiakban: a digit\u00e1lis elemeket tartalmaz\u00f3 \u00e1ru)<br>V\u00e9tel\u00e1r: az \u00e1ru\u00e9rt, valamint a digit\u00e1lis tartalom szolg\u00e1ltat\u00e1s\u00e1\u00e9rt vagy a digit\u00e1lis szolg\u00e1ltat\u00e1s ny\u00fajt\u00e1s\u00e1\u00e9rt fizetend\u0151 ellenszolg\u00e1ltat\u00e1s<br>Digit\u00e1lis elemeket tartalmaz\u00f3 \u00e1ru: ing\u00f3 dolog, amely digit\u00e1lis tartalmat vagy digit\u00e1lis<br>szolg\u00e1ltat\u00e1st foglal mag\u00e1ban vagy azzal \u00f6ssze van kapcsolva, olyan m\u00f3don, hogy az rintett digit\u00e1lis tartalom vagy digit\u00e1lis szolg\u00e1ltat\u00e1s hi\u00e1ny\u00e1ban az \u00e1ru nem tudn\u00e1 bet\u00f6lteni funkci\u00f3it.<br>Kompatibilit\u00e1s: a digit\u00e1lis elemeket tartalmaz\u00f3 \u00e1ru, a digit\u00e1lis tartalom vagy a digit\u00e1lis szolg\u00e1ltat\u00e1s azon k\u00e9pess\u00e9ge, hogy &#8211; \u00e1talak\u00edt\u00e1s sz\u00fcks\u00e9gess\u00e9ge n\u00e9lk\u00fcl &#8211; egy\u00fctt tudjon m\u0171k\u00f6dni olyan hardverrel vagy szoftverrel, amellyel az azonos t\u00edpus\u00fa \u00e1rukat,<br>digit\u00e1lis tartalmat vagy digit\u00e1lis szolg\u00e1ltat\u00e1sokat \u00e1ltal\u00e1ban egy\u00fctt haszn\u00e1lj\u00e1k Interoperabilit\u00e1s: a digit\u00e1lis elemeket tartalmaz\u00f3 \u00e1ru, a digit\u00e1lis tartalom vagy a<br>digit\u00e1lis szolg\u00e1ltat\u00e1s azon k\u00e9pess\u00e9ge, hogy egy\u00fctt tudjon m\u0171k\u00f6dni olyan hardverrel \u00e9s szoftverrel, amely elt\u00e9r att\u00f3l, amellyel az azonos t\u00edpus\u00fa \u00e1rukat, digit\u00e1lis tartalmat vagy digit\u00e1lis szolg\u00e1ltat\u00e1sokat \u00e1ltal\u00e1ban egy\u00fctt haszn\u00e1lj\u00e1k<br>Funkcionalit\u00e1s: a digit\u00e1lis elemeket tartalmaz\u00f3 \u00e1ru, a digit\u00e1lis tartalom vagy a digit\u00e1lis szolg\u00e1ltat\u00e1s azon k\u00e9pess\u00e9ge, hogy a c\u00e9lj\u00e1nak megfelel\u0151 funkci\u00f3kat bet\u00f6ltse. Gy\u00e1rt\u00f3: az \u00e1r\u00fa el\u0151\u00e1ll\u00edt\u00f3ja, import\u00e1lt \u00e1ru eset\u00e9n az Eur\u00f3pai Uni\u00f3 ter\u00fclet\u00e9re behoz\u00f3 import\u0151r, illetve b\u00e1rmilyen olyan szem\u00e9ly, aki az \u00e1run nev\u00e9nek, v\u00e9djegy\u00e9nek, vagy egy\u00e9b megk\u00fcl\u00f6nb\u00f6ztet\u0151 jelz\u00e9s\u00e9nek felt\u00fcntet\u00e9s\u00e9vel \u00f6nmag\u00e1t gy\u00e1rt\u00f3nak t\u00fcnteti fel<br>Tart\u00f3s adathordoz\u00f3: b\u00e1rmely olyan eszk\u00f6z, amely lehet\u0151v\u00e9 teszi a fogyaszt\u00f3 vagy a v\u00e1llalkoz\u00e1s sz\u00e1m\u00e1ra a szem\u00e9lyesen neki c\u00edmzett adatoknak a j\u00f6v\u0151ben is hozz\u00e1f\u00e9rhet\u0151 m\u00f3don \u00e9s az adat c\u00e9lj\u00e1nak megfelel\u0151 ideig t\u00f6rt\u00e9n\u0151 t\u00e1rol\u00e1s\u00e1t, valamint a t\u00e1rolt adatok v\u00e1ltozatlan form\u00e1ban t\u00f6rt\u00e9n\u0151 megjelen\u00edt\u00e9s\u00e9t<br>T\u00e1voll\u00e9v\u0151k k\u00f6z\u00f6tti kommunik\u00e1ci\u00f3t lehet\u0151v\u00e9 t\u00e9v\u0151 eszk\u00f6z: olyan eszk\u00f6z, amely alkalmas a felek t\u00e1voll\u00e9t\u00e9ben &#8211; szerz\u0151d\u00e9s megk\u00f6t\u00e9se \u00e9rdek\u00e9ben &#8211; szerz\u0151d\u00e9si nyilatkozat megt\u00e9tel\u00e9re. Ilyen eszk\u00f6z k\u00fcl\u00f6n\u00f6sen a c\u00edmzett vagy a c\u00edmz\u00e9s n\u00e9lk\u00fcli nyomtatv\u00e1ny, a szabv\u00e1nylev\u00e9l, a sajt\u00f3term\u00e9kben k\u00f6zz\u00e9tett hirdet\u00e9s<br>megrendel\u0151lappal, a katal\u00f3gus, a telefon, a telefax \u00e9s az internetes hozz\u00e1f\u00e9r\u00e9st biztos\u00edt\u00f3 eszk\u00f6z.<br>V\u00e1llalkoz\u00e1s: gazdas\u00e1gi tev\u00e9kenys\u00e9ge, illetve szakm\u00e1ja k\u00f6r\u00e9ben elj\u00e1r\u00f3 szem\u00e9ly<br>Webshop: webshopunk, melyen a szerz\u0151d\u00e9sk\u00f6t\u00e9s megval\u00f3sul<\/h5>\n<h5><\/h5>\n<h5>Vonatkoz\u00f3 jogszab\u00e1lyok:<br>\u25cf 1997. \u00e9vi CLV. t\u00f6rv\u00e9ny a Fogyaszt\u00f3v\u00e9delemr\u0151l<\/h5>\n<h5><\/h5>\n<h5>\u25cf 1999. \u00e9vi LXXVI. t\u00f6rv\u00e9ny a szerz\u0151i jogr\u00f3l<br>\u25cf 2001. \u00e9vi CVIII. t\u00f6rv\u00e9ny az elektronikus kereskedelmi szolg\u00e1ltat\u00e1sok, valamint<br>az inform\u00e1ci\u00f3s t\u00e1rsadalommal \u00f6sszef\u00fcgg\u0151 szolg\u00e1ltat\u00e1sok egyes k\u00e9rd\u00e9seir\u0151l<br>\u25cf 151\/2003. (IX.22.) korm\u00e1nyrendelet a tart\u00f3s fogyaszt\u00e1si cikkekre vonatkoz\u00f3<br>k\u00f6telez\u0151 j\u00f3t\u00e1ll\u00e1sr\u00f3l<br>\u25cf 2011. \u00e9vi CXX. t\u00f6rv\u00e9ny az inform\u00e1ci\u00f3s \u00f6nrendelkez\u00e9si jogr\u00f3l \u00e9s az<br>inform\u00e1ci\u00f3szabads\u00e1gr\u00f3l<br>\u25cf 2013. \u00e9vi V. t\u00f6rv\u00e9ny a Polg\u00e1ri T\u00f6rv\u00e9nyk\u00f6nyvr\u0151l<br>\u25cf 19\/2014. (IV.29.) NGM rendelet a Fogyaszt\u00f3 \u00e9s v\u00e1llalkoz\u00e1s k\u00f6z\u00f6tti szerz\u0151d\u00e9s<br>keret\u00e9ben eladott dolgokra vonatkoz\u00f3 szavatoss\u00e1gi \u00e9s j\u00f3t\u00e1ll\u00e1si ig\u00e9nyek<br>int\u00e9z\u00e9s\u00e9nek elj\u00e1r\u00e1si szab\u00e1lyair\u00f3l<br>\u25cf 45\/2014. (II.26.) korm\u00e1nyrendelet a Fogyaszt\u00f3 \u00e9s a v\u00e1llalkoz\u00e1s k\u00f6z\u00f6tti<br>szerz\u0151d\u00e9sek r\u00e9szletes szab\u00e1lyair\u00f3l<br>\u25cf Az Eur\u00f3pai Parlament \u00e9s Tan\u00e1cs (EU) 2016\/679. rendelete (2016.04.27.) a<br>term\u00e9szetes szem\u00e9lyek szem\u00e9lyes adatainak kezel\u00e9s\u00e9r\u0151l \u00e9s v\u00e9delm\u00e9r\u0151l,<br>tov\u00e1bb\u00e1 ezen adatok szabad \u00e1raml\u00e1s\u00e1r\u00f3l, valamint a 95\/46\/EK rendelet, azaz<br>az \u00e1ltal\u00e1nos adatv\u00e9delmi rendelet hat\u00e1lyon k\u00edv\u00fcl helyez\u00e9s\u00e9r\u0151l<br>\u25cf Az Eur\u00f3pai Parlament \u00e9s Tan\u00e1cs (EU) 2018\/302. rendelete (2018.02.28.) a<br>bels\u0151 piacon bel\u00fcl a Fogyaszt\u00f3 \u00e1llampolg\u00e1rs\u00e1ga, lak\u00f3\/leteleped\u00e9si helye<br>alapj\u00e1n val\u00f3 indokolatlan ter\u00fcleti alap\u00fa tartalomkorl\u00e1toz\u00e1ssal \u00e9s a<br>megk\u00fcl\u00f6nb\u00f6ztet\u00e9s egy\u00e9b form\u00e1ival szembeni fell\u00e9p\u00e9sr\u0151l, valamint a<br>2006\/2004\/EK \u00e9s az (EU) 2017\/2394. rendelete, tov\u00e1bb\u00e1 a 2009\/22\/EK<br>ir\u00e1nyelv m\u00f3dos\u00edt\u00e1s\u00e1r\u00f3l<br>\u25cf A fogyaszt\u00f3 \u00e9s v\u00e1llalkoz\u00e1s k\u00f6z\u00f6tti, az \u00e1ruk ad\u00e1sv\u00e9tel\u00e9re, valamint a digit\u00e1lis<br>tartalom szolg\u00e1ltat\u00e1s\u00e1ra \u00e9s digit\u00e1lis szolg\u00e1ltat\u00e1sok ny\u00fajt\u00e1s\u00e1ra ir\u00e1nyul\u00f3<br>szerz\u0151d\u00e9sek r\u00e9szletes szab\u00e1lyair\u00f3l sz\u00f3l\u00f3 373\/2021. (VI. 30.) Korm. rendelet<\/h5>\n<h5><\/h5>\n<h5><strong>\u00c1SZF hat\u00e1lya \u00e9s elfogad\u00e1sa:<br><\/strong>A vonatkoz\u00f3 jogszab\u00e1lyok mellett a megk\u00f6t\u00e9sre ker\u00fcl\u0151 szerz\u0151d\u00e9s tartalm\u00e1t \u00c1ltal\u00e1nos szerz\u0151d\u00e9si felt\u00e9teleink is szab\u00e1lyozz\u00e1k. Ennek keretein bel\u00fcl \u00f6sszefoglaljuk az \u00d6nt \u00e9s minket megillet\u0151 jogokat, k\u00f6telezetts\u00e9geket, a szerz\u0151d\u00e9sk\u00f6t\u00e9s felt\u00e9teleit, a fizet\u00e9si, illetve sz\u00e1ll\u00edt\u00e1si felt\u00e9teleket, a hat\u00e1rid\u0151ket, a felel\u0151ss\u00e9ggel kapcsolatos szab\u00e1lyokat, tov\u00e1bb\u00e1 az el\u00e1ll\u00e1si jog gyakorl\u00e1s\u00e1nak felt\u00e9teleit. \u00d6n rendel\u00e9se lead\u00e1s\u00e1val elfogadja C\u00e9g\u00fcnk \u00c1ltal\u00e1nos szerz\u0151d\u00e9si felt\u00e9teleit, mely a<br>megk\u00f6t\u00e9sre ker\u00fcl\u0151 szerz\u0151d\u00e9shez tartozik.<\/h5>\n<h5><\/h5>\n<h5>Szerz\u0151d\u00e9s nyelve \u00e9s form\u00e1ja:<br>A szerz\u0151d\u00e9s nyelve magyar.<br>A szerz\u0151d\u00e9s a megrendel\u00e9s lead\u00e1s\u00e1val j\u00f6n l\u00e9tre, \u00c1ltal\u00e1nos szerz\u0151d\u00e9si felt\u00e9teleink<br>elfogad\u00e1s\u00e1val.<\/h5>\n<h5><\/h5>\n<h5><strong>\u00c1rak<\/strong>:<br>Az \u00e1rak forintban \u00e9rtend\u0151k. C\u00e9g\u00fcnk alanyi ad\u00f3mentes, ennek megfelel\u0151en az<br>\u00e1raknak \u00c1FA tartalma nincs. Fenntartjuk az \u00e1rv\u00e1ltoztat\u00e1s jog\u00e1t.<\/h5>\n<h5><\/h5>\n<h5><strong>Panasz\u00fcgyint\u00e9z\u00e9s \u00e9s jog\u00e9rv\u00e9nyes\u00edt\u00e9si lehet\u0151s\u00e9gek:<br><\/strong>A Fogyaszt\u00f3 az \u00c1rukat, illet\u0151leg C\u00e9g\u00fcnk tev\u00e9kenys\u00e9g\u00e9t illet\u0151 kifog\u00e1sait a k\u00f6vetkez\u0151<br>el\u00e9rhet\u0151s\u00e9geinken juttathatja el hozz\u00e1nk:<br>\u25cf E-mail c\u00edm: info@devabor.com<br>\u25cf Telefonsz\u00e1m: +36 30-8713791<\/h5>\n<h5><\/h5>\n<h5>A Fogyaszt\u00f3 els\u0151sorban \u00edr\u00e1sban, egyes esetekben azonban sz\u00f3ban is k\u00f6z\u00f6lheti C\u00e9g\u00fcnkkel panasz\u00e1t. A panasz vonatkozhat a C\u00e9g\u00fcnk r\u00e9sz\u00e9r\u0151l elj\u00e1r\u00f3 szem\u00e9ly<br>viselked\u00e9s\u00e9re, munk\u00e1j\u00e1ra, esetleg mulaszt\u00e1s\u00e1ra, mely az \u00e1ru forgalmaz\u00e1s\u00e1val, \u00e9rt\u00e9kes\u00edt\u00e9s\u00e9vel k\u00f6zvetlen kapcsolatban \u00e1ll.<\/h5>\n<h5><\/h5>\n<h5>A sz\u00f3beli panaszt C\u00e9g\u00fcnk halad\u00e9ktalanul kivizsg\u00e1lja \u00e9s lehet\u0151s\u00e9g szerint megoldja. Amennyiben a Fogyaszt\u00f3 nem \u00e9rt egyet a panasz kezel\u00e9s\u00e9vel vagy a panasz<br>halad\u00e9ktalan kivizsg\u00e1l\u00e1sa nem lehets\u00e9ges, C\u00e9g\u00fcnk a panaszr\u00f3l \u00e9s azzal kapcsolatos \u00e1ll\u00e1spontj\u00e1r\u00f3l jegyz\u0151k\u00f6nyvet vesz fel, melynek m\u00e1solati p\u00e9ld\u00e1ny\u00e1t eljuttatja a Fogyaszt\u00f3 r\u00e9sz\u00e9re (szem\u00e9lyes jelenl\u00e9t eset\u00e9n helyben \u00e1tadja). E-mailen \u00e9rkezett panasz eset\u00e9ben 30 napon bel\u00fcl a v\u00e1lasszal egy\u00fctt megk\u00fcldi a Fogyaszt\u00f3 r\u00e9sz\u00e9re. Az \u00edr\u00e1sbeli panaszt C\u00e9g\u00fcnk a be\u00e9rkez\u00e9st\u0151l sz\u00e1m\u00edtott 30 napon bel\u00fcl \u00edr\u00e1sban megv\u00e1laszolja. A panasz elutas\u00edt\u00e1sa eset\u00e9n C\u00e9g\u00fcnk \u00e1ll\u00e1spontj\u00e1t k\u00f6teles<br>megindokolni. C\u00e9g\u00fcnk k\u00f6teles a panaszt egyedi azonos\u00edt\u00f3sz\u00e1mmal ell\u00e1tni &#8211; telefonon, illetve egy\u00e9b elektronikus h\u00edrk\u00f6zl\u00e9si szolg\u00e1ltat\u00e1s \u00fatj\u00e1n k\u00f6z\u00f6lt sz\u00f3beli panasz eset\u00e9n.<br>Tartalmaznia kell a panaszr\u00f3l felvett jegyz\u0151k\u00f6nyvnek:<br>\u25cf Panasz eljuttat\u00e1s\u00e1nak hely\u00e9t, m\u00f3dj\u00e1t, idej\u00e9t<br>\u25cf Fogyaszt\u00f3 nev\u00e9t, lakc\u00edm\u00e9t, el\u00e9rhet\u0151s\u00e9g\u00e9t<br>\u25cf Fogyaszt\u00f3i panasz r\u00e9szletes le\u00edr\u00e1s\u00e1t, tov\u00e1bb\u00e1 a dokumentumok, iratok,<br>bizony\u00edt\u00e9kok jegyz\u00e9k\u00e9t<br>\u25cf C\u00e9g\u00fcnk nyilatkozat\u00e1t a Fogyaszt\u00f3i panaszt \u00e9rint\u0151 \u00e1ll\u00e1spontj\u00e1r\u00f3l, ha annak<br>halad\u00e9ktalan kivizsg\u00e1l\u00e1sa megoldhat\u00f3<br>\u25cf Jegyz\u0151k\u00f6nyv felv\u00e9tel\u00e9nek hely\u00e9t \u00e9s idej\u00e9t<br>\u25cf Jegyz\u0151k\u00f6nyvet felvev\u0151 szem\u00e9ly- \u00e9s a Fogyaszt\u00f3 al\u00e1\u00edr\u00e1s\u00e1t &#8211; ez ut\u00f3bbit abban<br>az esetben, amennyiben szem\u00e9lyes jelenl\u00e9ttel t\u00f6rt\u00e9nik a sz\u00f3beli panasz<br>k\u00f6zl\u00e9se<br>\u25cf A panasz egyedi azonos\u00edt\u00f3sz\u00e1m\u00e1t \u2013 telefonon, illetve egy\u00e9b elektronikus<br>h\u00edrk\u00f6zl\u00e9si szolg\u00e1ltat\u00e1s \u00fatj\u00e1n k\u00f6z\u00f6lt sz\u00f3beli panasz eset\u00e9n<\/h5>\n<h5><\/h5>\n<h5>C\u00e9g\u00fcnk a panaszr\u00f3l felvett jegyz\u0151k\u00f6nyvet \u00e9s v\u00e1lasszunk m\u00e1solati p\u00e9ld\u00e1ny\u00e1t 5 \u00e9vig<br>meg\u0151rzi, ellen\u0151rz\u0151 hat\u00f3s\u00e1g k\u00e9r\u00e9s\u00e9re bemutatja. C\u00e9g\u00fcnk a Fogyaszt\u00f3t \u00edr\u00e1sban t\u00e1j\u00e9koztatja, amennyiben a panaszt elutas\u00edtja, hogy<br>panasz\u00e1val mely hat\u00f3s\u00e1g vagy B\u00e9k\u00e9ltet\u0151 Test\u00fclet elj\u00e1r\u00e1s\u00e1t kezdem\u00e9nyezheti. Tartalmazza a t\u00e1j\u00e9koztat\u00e1s az illet\u00e9kes hat\u00f3s\u00e1g \u00e9s a Fogyaszt\u00f3<br>lak\u00f3helye\/tart\u00f3zkod\u00e1si helye szerinti B\u00e9k\u00e9ltet\u0151 Test\u00fclet sz\u00e9khely\u00e9t, levelez\u00e9si c\u00edm\u00e9t, el\u00e9rhet\u0151s\u00e9geit (weboldal, e-mail, telefonsz\u00e1m), valamint C\u00e9g\u00fcnk Fogyaszt\u00f3i jogvita rendez\u00e9se c\u00e9lj\u00e1b\u00f3l t\u00f6rt\u00e9n\u0151 B\u00e9k\u00e9ltet\u0151 Test\u00fcleti elj\u00e1r\u00e1s ig\u00e9nybev\u00e9tel\u00e9vel kapcsolatos \u00e1ll\u00e1spontj\u00e1t.<\/h5>\n<h5><\/h5>\n<h5>Abban az esetben, ha C\u00e9g\u00fcnk \u00e9s a Fogyaszt\u00f3 k\u00f6z\u00f6tti jogvita t\u00e1rgyal\u00e1sok \u00fatj\u00e1n sem rendez\u0151dik, tov\u00e1bbi jog\u00e9rv\u00e9nyes\u00edt\u00e9si lehet\u0151s\u00e9gekkel \u00e9lhet a Fogyaszt\u00f3:<\/h5>\n<h5><\/h5>\n<h5>Fogyaszt\u00f3v\u00e9delmi Hat\u00f3s\u00e1gi elj\u00e1r\u00e1s:<br>A Fogyaszt\u00f3i jogok megs\u00e9rt\u00e9se eset\u00e9n a Fogyaszt\u00f3 jogosult panaszt tenni a lak\u00f3helye szerint illet\u00e9kes Fogyaszt\u00f3v\u00e9delmi Hat\u00f3s\u00e1gn\u00e1l. A hat\u00f3s\u00e1g d\u00f6nt a Fogyaszt\u00f3v\u00e9delmi<br>elj\u00e1r\u00e1s lefolytat\u00e1s\u00e1r\u00f3l a panasz elb\u00edr\u00e1l\u00e1s\u00e1t k\u00f6vet\u0151en. Az els\u0151fok\u00fa hat\u00f3s\u00e1gi feladatokat a j\u00e1r\u00e1si hivatalok l\u00e1tj\u00e1k el. El\u00e9rhet\u0151s\u00e9g\u00fck: http:\/\/jarasinfo.gov.hu\/<\/h5>\n<h5><\/h5>\n<h5>B\u00edr\u00f3s\u00e1gi elj\u00e1r\u00e1s:<br>A Fogyaszt\u00f3 polg\u00e1ri elj\u00e1r\u00e1s keretein bel\u00fcl jogosult a jogvit\u00e1b\u00f3l sz\u00e1rmaz\u00f3 k\u00f6vetel\u00e9s\u00e9nek b\u00edr\u00f3s\u00e1g el\u0151tti \u00e9rv\u00e9nyes\u00edt\u00e9s\u00e9re a Polg\u00e1ri T\u00f6rv\u00e9nyk\u00f6nyvr\u0151l sz\u00f3l\u00f3 2013. \u00e9vi<br>V. t\u00f6rv\u00e9ny, valamint a Polg\u00e1ri Perrendtart\u00e1sr\u00f3l sz\u00f3l\u00f3 2016. \u00e9vi CXXX. t\u00f6rv\u00e9ny rendelkez\u00e9sei szerint.<\/h5>\n<h5><\/h5>\n<h5>B\u00e9k\u00e9ltet\u0151 Test\u00fcleti elj\u00e1r\u00e1s:<br>Jogosult a lak\u00f3helye\/tart\u00f3zkod\u00e1si helye szerint illet\u00e9kes B\u00e9k\u00e9ltet\u0151 Test\u00fclethez fordulni, ha Fogyaszt\u00f3i panasz\u00e1t elutas\u00edtjuk. Az elj\u00e1r\u00e1s megind\u00edt\u00e1s\u00e1nak felt\u00e9tele,<br>hogy a Fogyaszt\u00f3 C\u00e9g\u00fcnkkel k\u00f6zvetlen\u00fcl megk\u00eds\u00e9relje a vit\u00e1s \u00fcgy rendez\u00e9s\u00e9t. A B\u00e9k\u00e9ltet\u0151 Test\u00fcleti elj\u00e1r\u00e1sban C\u00e9g\u00fcnket egy\u00fcttm\u0171k\u00f6d\u00e9si k\u00f6telezetts\u00e9g terheli. Ez<br>alapj\u00e1n C\u00e9g\u00fcnk k\u00f6teles a B\u00e9k\u00e9ltet\u0151 Test\u00fclet felh\u00edv\u00e1s\u00e1ra v\u00e1lasziratot megk\u00fcldeni, valamint a B\u00e9k\u00e9ltet\u0151 Test\u00fclet el\u0151tti meghallgat\u00e1son megjelenni \u00e9s egyezs\u00e9g<br>l\u00e9trehozatal\u00e1ra feljogos\u00edtott szem\u00e9ly r\u00e9szv\u00e9tel\u00e9t biztos\u00edtani. Ha C\u00e9g\u00fcnk sz\u00e9khelye\/telephelye a ter\u00fcletileg illet\u00e9kes B\u00e9k\u00e9ltet\u0151 Test\u00fcletet<br>m\u0171k\u00f6dtet\u0151 kamara szerinti megy\u00e9n k\u00edv\u00fcl tal\u00e1lhat\u00f3, C\u00e9g\u00fcnk egy\u00fcttm\u0171k\u00f6d\u00e9si k\u00f6telezetts\u00e9ge a Fogyaszt\u00f3i ig\u00e9ny megfelel\u0151 \u00edr\u00e1sbeli egyezs\u00e9gk\u00f6t\u00e9s lehet\u0151s\u00e9g\u00e9nek<br>felaj\u00e1nl\u00e1s\u00e1ra terjed ki. Amennyiben fenti egy\u00fcttm\u0171k\u00f6d\u00e9si k\u00f6telezetts\u00e9g\u00fcnknek nem tesz\u00fcnk eleget, a<br>Fogyaszt\u00f3v\u00e9delmi Hat\u00f3s\u00e1g hat\u00e1sk\u00f6r\u00e9be ker\u00fcl az \u00fcgy, mely szerint a c\u00e9gek jogs\u00e9rt\u0151<br>magatart\u00e1sakor k\u00f6telez\u0151 b\u00edrs\u00e1g kiszab\u00e1sa van \u00e9rv\u00e9nyben, ett\u0151l eltekinteni nem<br>lehet. A b\u00edrs\u00e1g \u00f6sszege kis- \u00e9s k\u00f6z\u00e9pv\u00e1llalkoz\u00e1s sz\u00e1m\u00e1ra 15.000 &#8211; 500.000 Ft-ig, 100 milli\u00f3 Ft feletti \u00e9ves nett\u00f3 \u00e1rbev\u00e9tellel rendelkez\u0151 nagyv\u00e1llalat sz\u00e1m\u00e1ra pedig 15.000 Ft-t\u00f3l a v\u00e1llalat \u00e9ves nett\u00f3 \u00e1rbev\u00e9tel\u00e9nek 5%-\u00e1ig, legfeljebb 500 milli\u00f3 Ft-ig terjedhet.<\/h5>\n<h5><\/h5>\n<h5>A Fogyaszt\u00f3 k\u00e9relmezheti a B\u00e9k\u00e9ltet\u0151 Test\u00fcleti elj\u00e1r\u00e1s megind\u00edt\u00e1s\u00e1t. A k\u00e9relmet \u00edr\u00e1sban (lev\u00e9l, fax, t\u00e1virat \u00fatj\u00e1n, illetve a B\u00e9k\u00e9ltet\u0151 Test\u00fclet weboldal\u00e1n, elektronikus form\u00e1ban), a B\u00e9k\u00e9ltet\u0151 Test\u00fclet eln\u00f6k\u00e9hez sz\u00fcks\u00e9ges eljuttatni.<\/h5>\n<h5><\/h5>\n<h5>Tartalmaznia kell a k\u00e9relemnek:<br>\u25cf Fogyaszt\u00f3 nev\u00e9t, lak\u00f3hely\u00e9t\/tart\u00f3zkod\u00e1si hely\u00e9t, el\u00e9rhet\u0151s\u00e9g\u00e9t<br>\u25cf Fogyaszt\u00f3i jogvit\u00e1val \u00e9rintett c\u00e9g nev\u00e9t, sz\u00e9khely\u00e9t\/telephely\u00e9t<br>\u25cf Fogyaszt\u00f3 \u00e1ll\u00e1spontj\u00e1t \u00e9s az azzal kapcsolatos bizony\u00edt\u00e9kokat, t\u00e9nyeket<br>\u25cf Fogyaszt\u00f3 nyilatkozat\u00e1t, hogy megk\u00eds\u00e9relte a vit\u00e1s \u00fcgy rendez\u00e9s\u00e9t k\u00f6zvetlen\u00fcl<br>az \u00e9rintett v\u00e1llalkoz\u00e1ssal<br>\u25cf Fogyaszt\u00f3 nyilatkozat\u00e1t, hogy m\u00e1s B\u00e9k\u00e9ltet\u0151 Test\u00fcleti elj\u00e1r\u00e1st nem<br>kezdem\u00e9nyezett az \u00fcgyben, nem ind\u00edtott k\u00f6zvet\u00edt\u0151i elj\u00e1r\u00e1st, keresetlevelet nem<br>adott be, fizet\u00e9si meghagy\u00e1s kibocs\u00e1t\u00e1s\u00e1ra ir\u00e1nyul\u00f3 k\u00e9relmet nem terjesztett<br>el\u0151<br>\u25cf Test\u00fclet d\u00f6nt\u00e9s\u00e9re ir\u00e1nyul\u00f3 ind\u00edtv\u00e1nyt<br>\u25cf Fogyaszt\u00f3 al\u00e1\u00edr\u00e1s\u00e1t<br>\u25cf Amennyiben a Fogyaszt\u00f3 az illet\u00e9kes B\u00e9k\u00e9ltet\u0151 Test\u00fclet helyett m\u00e1s test\u00fcleti<br>illet\u00e9kess\u00e9get k\u00e9relmezett, annak megjel\u00f6l\u00e9s\u00e9t<\/h5>\n<h5><\/h5>\n<h5>Mindenk\u00e9ppen csatolni sz\u00fcks\u00e9ges a k\u00e9relemhez azon okiratot vagy m\u00e1solat\u00e1t, mely tartalm\u00e1ra bizony\u00edt\u00e9kk\u00e9nt hivatkozik a Fogyaszt\u00f3 (a c\u00e9g panaszt elutas\u00edt\u00f3 \u00edr\u00e1sbeli nyilatkozat\u00e1t, ha ez nem \u00e1ll rendelkez\u00e9sre, akkor a Fogyaszt\u00f3 \u00e1ltal birtokolt \u00edr\u00e1sos bizony\u00edt\u00e9kokat az egyeztet\u00e9s megk\u00eds\u00e9rl\u00e9s\u00e9r\u0151l).<br>Amennyiben meghatalmazott j\u00e1r el a panasz \u00fcgy\u00e9ben, a k\u00e9relemhez mell\u00e9kelni sz\u00fcks\u00e9ges a Fogyaszt\u00f3 \u00e1ltal kiadott meghatalmaz\u00e1st.<br>Tov\u00e1bbi inform\u00e1ci\u00f3 a B\u00e9k\u00e9ltet\u0151 Test\u00fcletekr\u0151l: http:\/\/www.bekeltetes.hu<\/h5>\n<h5><\/h5>\n<h5>A ter\u00fcletileg illet\u00e9kes B\u00e9k\u00e9ltet\u0151 Test\u00fcletek el\u00e9rhet\u0151s\u00e9gei:<\/h5>\n<h5><\/h5>\n<h5>Borsod-Aba\u00faj-Zempl\u00e9n Megyei B\u00e9k\u00e9ltet\u0151 Test\u00fclet<br>C\u00edm: 3525 Miskolc, Szentp\u00e1li u. 1.<br>Telefonsz\u00e1m:06-46 501-091, 06-46 501-870<br>Fax: 06-46 501-099<br>E-mail c\u00edm: kalna.zsuzsa@bokik.hu<\/h5>\n<h5><\/h5>\n<h5>Budapesti B\u00e9k\u00e9ltet\u0151 Test\u00fclet<br>C\u00edm: 1016 Budapest, Krisztina krt. 99. III. em. 310.<br>Telefonsz\u00e1m: 06-1 488-2131<br>Fax: 06-1 488-2186<br>E-mail c\u00edm: bekelteto.testulet@bkik.hu<\/h5>\n<h5><\/h5>\n<h5><strong>Online vitarendez\u00e9si platform:<br><\/strong>Az Eur\u00f3pai Bizotts\u00e1g \u00e1ltal l\u00e9trehozott weboldalon, Fogyaszt\u00f3i regisztr\u00e1ci\u00f3t k\u00f6vet\u0151en, az oldalon tal\u00e1lhat\u00f3 k\u00e9relem kit\u00f6lt\u00e9s\u00e9vel a Fogyaszt\u00f3 rendezheti az online v\u00e1s\u00e1rl\u00e1ssal kapcsolatos jogvit\u00e1it b\u00edr\u00f3s\u00e1gi elj\u00e1r\u00e1s ind\u00edt\u00e1sa n\u00e9lk\u00fcl. Ez is egy m\u00f3dja a t\u00e1vols\u00e1gi<br>korl\u00e1tok n\u00e9lk\u00fcli Fogyaszt\u00f3i jog\u00e9rv\u00e9nyes\u00edt\u00e9snek. \u00d6n panaszt tehet az online v\u00e1s\u00e1rolt \u00e1ruval\/szolg\u00e1ltat\u00e1ssal kapcsolatban.<\/h5>\n<h5><\/h5>\n<h5>\u00d6nnek \u00e9s az \u00d6n \u00e1ltal bepanaszolt c\u00e9gnek lehet\u0151s\u00e9ge van ezen az online vitarendez\u00e9si platformon egy\u00fctt kiv\u00e1lasztani, hogy mely vitarendez\u00e9si test\u00fcletet b\u00edzz\u00e1k meg a panasz kezel\u00e9s\u00e9vel.<br>Az online vitarendez\u00e9si platform a k\u00f6vetkez\u0151 weboldalon \u00e9rhet\u0151<br>el: https:\/\/webgate.ec.europa.eu\/odr\/main\/?event=main.home.show&amp;lng=HU<\/h5>\n<h5><\/h5>\n<h5>Szerz\u0151i jogok:<br>Weboldalunk szerz\u0151i m\u0171nek min\u0151s\u00fcl a szerz\u0151i jogr\u00f3l sz\u00f3l\u00f3 1999. \u00e9vi LXXVI. t\u00f6rv\u00e9ny<\/h5>\n<h5><\/h5>\n<ol class=\"wp-block-list\">\n<li style=\"list-style-type: none;\">\n<ol><\/ol>\n<\/li>\n<\/ol>\n<ol>\n<li style=\"list-style-type: none;\">\n<ol>\n<li>\n<h5>\u00a7 (1) bekezd\u00e9se \u00e9rtelm\u00e9ben, szerz\u0151i jogi v\u00e9delem alatt \u00e1ll minden egyes r\u00e9sze. Tilos<\/h5>\n<h5>a weboldalunkon tal\u00e1lhat\u00f3 k\u00e9pek, sz\u00f6vegek, szoftveres, illetve grafikai programok<\/h5>\n<h5>enged\u00e9ly n\u00e9lk\u00fcli haszn\u00e1lata, tov\u00e1bb\u00e1 a weboldalunkat m\u00f3dos\u00edt\u00f3, k\u00e1rt\u00e9kony<\/h5>\n<h5>alkalmaz\u00e1sok haszn\u00e1lata, ugyanezen t\u00f6rv\u00e9ny 16. \u00a7 (1) bekezd\u00e9se szerint. Felh\u00edvjuk<\/h5>\n<h5>figyelm\u00e9t, hogy weboldalunkr\u00f3l, valamint adatb\u00e1zisunkb\u00f3l t\u00f6rt\u00e9n\u0151 anyagok, k\u00e9pek,<\/h5>\n<h5>vide\u00f3k, sz\u00f6vegek \u00e1tv\u00e9tel\u00e9re kiz\u00e1r\u00f3lag a jogtulajdonos (XY Kft.) \u00edr\u00e1sos hozz\u00e1j\u00e1rul\u00e1sa<\/h5>\n<h5>eset\u00e9n van lehet\u0151s\u00e9g, forr\u00e1smegjel\u00f6l\u00e9s felt\u00fcntet\u00e9se mellett.<\/h5>\n<\/li>\n<\/ol>\n<\/li>\n<\/ol>\n<p><\/p>\n<h5><\/h5>\n<h5>R\u00e9szleges \u00e9rv\u00e9nytelens\u00e9g \u00e9s magatart\u00e1si k\u00f3dex:<br>Abban az esetben, ha az \u00c1ltal\u00e1nos szerz\u0151d\u00e9si felt\u00e9teleink egy pontja jogilag hi\u00e1nyos\/hat\u00e1lytalan lenne, arra a r\u00e9szre a vonatkoz\u00f3 jogszab\u00e1lyok rendelkez\u00e9sei az<br>ir\u00e1nyad\u00f3ak. A szerz\u0151d\u00e9s t\u00f6bbi r\u00e9sze tov\u00e1bbra is \u00e9rv\u00e9nyes. C\u00e9g\u00fcnknek a Fogyaszt\u00f3kkal szembeni tisztess\u00e9gtelen kereskedelmi gyakorlat<br>tilalm\u00e1r\u00f3l sz\u00f3l\u00f3 t\u00f6rv\u00e9ny szerinti magatart\u00e1si k\u00f3dexe nincsen.<\/h5>\n<h5>M\u0171szaki v\u00e9delmi int\u00e9zked\u00e9sek \u00e9s digit\u00e1lis adattartalom m\u0171k\u00f6d\u00e9se:<br>A szerverek, melyek a weboldalunkon megjelen\u0151 adatokat biztos\u00edtj\u00e1k, 99,9%\/\u00e9v<br>feletti el\u00e9rhet\u0151s\u00e9ggel rendelkeznek. A teljes adattartalmat folyamatosan mentj\u00fck,<br>rendszeres id\u0151k\u00f6z\u00f6nk\u00e9nt, ha gond ad\u00f3dna, \u00fagy az eredeti adatok vissza\u00e1ll\u00edthat\u00f3k. Az<br>adatok, melyek weboldalunkon megjelennek, MySQL, illetve MSSQL adatb\u00e1zisban<br>ker\u00fclnek t\u00e1rol\u00e1sra. Ezen adatokat \u00e9rz\u00e9keny mivoltukb\u00f3l ad\u00f3d\u00f3an megfelel\u0151 er\u0151ss\u00e9g\u0171<br>titkos\u00edt\u00e1ssal t\u00e1roljuk, k\u00f3dol\u00e1sukhoz pedig hardveres t\u00e1mogat\u00e1st haszn\u00e1lunk, mely<br>processzorba van \u00e9p\u00edtve.<\/h5>\n<h5>\u00c1ruk tulajdons\u00e1gai:<br>Weboldalunkon az \u00e9rt\u00e9kes\u00edt\u00e9sre sz\u00e1nt \u00e1ruk tulajdons\u00e1gair\u00f3l az adott \u00e1ru oldal\u00e1n<br>tal\u00e1lhat\u00f3 le\u00edr\u00e1s szolg\u00e1ltat inform\u00e1ci\u00f3t.<\/h5>\n<h5>Adatbeviteli hib\u00e1k jav\u00edt\u00e1sa \u00e9s felel\u0151ss\u00e9g az adatok val\u00f3s\u00e1g\u00e1\u00e9rt:<br>A megrendel\u00e9s folyamata sor\u00e1n, a rendel\u00e9s meger\u0151s\u00edt\u00e9se el\u0151tt adott a lehet\u0151s\u00e9g az<br>\u00d6n \u00e1ltal megadott adatok m\u00f3dos\u00edt\u00e1s\u00e1ra, jav\u00edt\u00e1s\u00e1ra. Az \u00d6n \u00e1ltal megadott adatok<br>pontoss\u00e1g\u00e1\u00e9rt \u00d6n felel\u0151s. Ezen adatok alapj\u00e1n \u00e1ll\u00edtjuk ki a sz\u00e1ml\u00e1t, a sz\u00e1ll\u00edt\u00e1si<br>c\u00edmk\u00e9nt megjel\u00f6lt c\u00edmre k\u00e9zbes\u00edtj\u00fck az \u00e1ru(kat). Rendel\u00e9se lead\u00e1s\u00e1val \u00d6n tudom\u00e1sul<br>veszi, hogy C\u00e9g\u00fcnk jogosult az \u00d6n \u00e1ltal hib\u00e1san megadott adatokb\u00f3l ered\u0151 k\u00e1rok,<br>k\u00f6lts\u00e9gek \u00d6n r\u00e9sz\u00e9re t\u00f6rt\u00e9n\u0151 \u00e1th\u00e1r\u00edt\u00e1s\u00e1ra. C\u00e9g\u00fcnk a hib\u00e1s adatbevitel miatt val\u00f3<br>teljes\u00edt\u00e9s\u00e9rt kiz\u00e1rja felel\u0151ss\u00e9g\u00e9t. Az el\u00edrt e-mail c\u00edm vagy postafi\u00f3kja tel\u00edtetts\u00e9ge<br>k\u00f6vetkezt\u00e9ben a visszaigazol\u00e1s k\u00e9zbes\u00edthetetlennek min\u0151s\u00fcl, ez\u00e1ltal a szerz\u0151d\u00e9s<br>megval\u00f3sul\u00e1s\u00e1t (meg)akad\u00e1lyozhatja.<\/h5>\n<h5>Elj\u00e1r\u00e1s Hib\u00e1s \u00e1r eset\u00e9n:<br>C\u00e9g\u00fcnk kiz\u00e1rja felel\u0151ss\u00e9g\u00e9t a minden gondoss\u00e1ga ellen\u00e9re, tov\u00e1bb\u00e1 az informatikai<br>rendszer meghib\u00e1sod\u00e1s\u00e1b\u00f3l ered\u0151, nyilv\u00e1nval\u00f3an hib\u00e1san felt\u00fcntetett \u00e1r\u00e9rt.<\/h5>\n<h5>Nyilv\u00e1nval\u00f3an hib\u00e1san felt\u00fcntetett \u00e1rnak min\u0151s\u00fcl:<br>\u25cf 0 Ft<br>\u25cf Kedvezm\u00e9nyt helytelen\u00fcl felt\u00fcntet\u0151 \u00e1r (pl.: \u00c1ru eredeti \u00e1ra: 3.000 Ft,<br>kedvezm\u00e9ny: 20%, kedvezm\u00e9nyes \u00e1r: 500 Ft, hiszen ebben az esetben a helyes<br>\u00e1rnak 2.400 Ft-nak kellene lennie helyesen)<br>Amennyiben hib\u00e1s \u00e1r ker\u00fclt felt\u00fcntet\u00e9sre, C\u00e9g\u00fcnk t\u00e1j\u00e9koztatja \u00d6nt az esetr\u0151l \u00e9s<br>felk\u00edn\u00e1lja az \u00e1ru helyes \u00e1ron val\u00f3 megv\u00e9tel\u00e9nek lehet\u0151s\u00e9g\u00e9t, \u00edgy az \u00d6n d\u00f6nt\u00e9se<br>\u00e9rtelm\u00e9ben vagy megrendeli a helyes \u00e1ron az \u00e1rut vagy k\u00f6vetkezm\u00e9nyek n\u00e9lk\u00fcl<br>el\u00e1llhat a v\u00e1s\u00e1rl\u00e1st\u00f3l.<\/h5>\n<h5>Webshopunk haszn\u00e1lata:<br>Webshopunk a Felhaszn\u00e1l\u00f3 r\u00e9sz\u00e9re biztos\u00edtja az \u00e1ruk bemutat\u00e1s\u00e1t (\u00e1ruk k\u00e9ppel,<br>le\u00edr\u00e1ssal, \u00e1rral a weboldalon) \u00e9s az online megrendel\u00e9s opci\u00f3j\u00e1t. Weboldalunkon \u00d6n<\/h5>\n<h5>men\u00fcrendszerben b\u00f6ng\u00e9szhet. Az \u00e1rukat kateg\u00f3ri\u00e1nk\u00e9nt rendszerezve tal\u00e1lja. Egy-<br>egy kateg\u00f3ria nev\u00e9re kattintva megjelennek az abban szerepl\u0151 \u00e1ruk. A listaoldalr\u00f3l az<\/h5>\n<h5>\u00e1ru r\u00e9szletes le\u00edr\u00e1s\u00e1t az \u00e1ru nev\u00e9re kattintva tal\u00e1lja. Webshopunkban kulcssz\u00f3<br>alapj\u00e1n t\u00f6rt\u00e9n\u0151 keres\u00e9sre is van lehet\u0151s\u00e9g. Akci\u00f3s \u00e1rukn\u00e1l felt\u00fcntet\u00e9sre ker\u00fcl az<br>akci\u00f3 kezdete \u00e9s lej\u00e1rata, illetve a \u201ek\u00e9szlet erej\u00e9ig\u201d jelz\u00e9s.<\/h5>\n<h5>Ha szeretne megv\u00e1s\u00e1rolni egy \u00e1rut, azt (amennyiben t\u00f6bb darabot szeretne, a<br>darabsz\u00e1m be\u00e1ll\u00edt\u00e1s\u00e1val, ezt k\u00f6vet\u0151en) a kos\u00e1r gombra t\u00f6rt\u00e9n\u0151 kattint\u00e1ssal teheti<br>meg. A kos\u00e1rban l\u00e9v\u0151 \u00e1rukat a Kos\u00e1r megtekint\u00e9se seg\u00edts\u00e9g\u00e9vel n\u00e9zheti meg \u00e9s<br>ellen\u0151rizheti. Itt lehet\u0151s\u00e9ge van m\u00f3dos\u00edtani a mennyis\u00e9geken vagy t\u00f6r\u00f6lni \u00e1rukat. A<br>Kos\u00e1r ki\u00fcr\u00edt\u00e9s\u00e9re kattintva a kos\u00e1r teljes tartalma t\u00f6rl\u0151dik.<\/h5>\n<h5>Ha kiv\u00e1lasztotta, mely \u00e1rukat szeretn\u00e9 megrendelni, a Megrendel\u00e9s gombra t\u00f6rt\u00e9n\u0151<br>kattint\u00e1ssal, az oldalra bel\u00e9pve, amennyiben nincsen m\u00e9g regisztr\u00e1ci\u00f3ja, abban az<br>esetben a regisztr\u00e1ci\u00f3 l\u00e9trehoz\u00e1s\u00e1val van lehet\u0151s\u00e9ge rendel\u00e9se lead\u00e1s\u00e1ra.<br>Regisztr\u00e1ci\u00f3kor a k\u00f6vetkez\u0151 adatok megad\u00e1sa sz\u00fcks\u00e9ges: n\u00e9v, c\u00edm, sz\u00e1ml\u00e1z\u00e1si c\u00edm,<br>sz\u00e1ll\u00edt\u00e1si c\u00edm, e-mail c\u00edm, telefonsz\u00e1m, jelsz\u00f3. A regisztr\u00e1ci\u00f3 sikeress\u00e9g\u00e9r\u0151l e-mailben<br>k\u00fcld\u00fcnk meger\u0151s\u00edt\u00e9st.<\/h5>\n<h5>A bel\u00e9p\u00e9si adatok biztons\u00e1ga a Felhaszn\u00e1l\u00f3 felel\u0151ss\u00e9ge, \u0151 felel\u0151s adatai friss\u00edt\u00e9s\u00e9\u00e9rt,<br>k\u00f6teles C\u00e9g\u00fcnknek tudom\u00e1s\u00e1ra hozni, ha adataival harmadik f\u00e9l vissza\u00e9lt. Ha<br>elfelejtette a jelsz\u00f3t, kattintson az \u201eElfelejtett jelsz\u00f3\u201d lehet\u0151s\u00e9gre, ezt k\u00f6vet\u0151en<br>k\u00fcld\u00fcnk egy hivatkoz\u00e1st a Felhaszn\u00e1l\u00f3 regisztr\u00e1lt e-mail c\u00edm\u00e9re, melyre kattintva \u00faj<br>jelsz\u00f3 hozhat\u00f3 l\u00e9tre.<\/h5>\n<h5>A megrendel\u00e9s folyamata sor\u00e1n a Felhaszn\u00e1l\u00f3nak sz\u00fcks\u00e9ges kiv\u00e1lasztani az \u00e1ltala<br>prefer\u00e1lt fizet\u00e9si \u00e9s sz\u00e1ll\u00edt\u00e1si m\u00f3dot. K\u00f6zvetlen\u00fcl a rendel\u00e9s j\u00f3v\u00e1hagy\u00e1sa el\u0151tt a<br>Felhaszn\u00e1l\u00f3 a Megrendel\u00e9s \u00f6sszes\u00edt\u00e9se oldalon ellen\u0151rizheti az adatok helyess\u00e9g\u00e9t, a<br>megrendelni k\u00edv\u00e1nt \u00e1rukat \u00e9s mennyis\u00e9g\u00fcket. Ha jav\u00edtani szeretn\u00e9 az adatokat, a<br>ceruza ikonra kattintva van m\u00f3d r\u00e1.<\/h5>\n<h5>Rendel\u00e9s v\u00e9gleges\u00edt\u00e9se:<br>Ha mindent rendben tal\u00e1l, a \u201eMegrendel\u00e9s elk\u00fcld\u00e9se\u201d gombra kattintva v\u00e9gleges\u00edtheti<br>rendel\u00e9s\u00e9t, melyr\u0151l weboldalunkon \u00e9s e-mailben is visszaigazol\u00e1st kap. Abban az<br>esetben, ha a visszaigazol\u00f3 e-mailben veszi \u00e9szre, hogy hib\u00e1s adatot adott meg,<br>k\u00e9rj\u00fck, halad\u00e9ktalanul, 24 \u00f3r\u00e1n bel\u00fcl jelezze fel\u00e9nk.<br>A weboldalunkon tal\u00e1lhat\u00f3 t\u00e1j\u00e9koztat\u00e1s nem min\u0151s\u00fcl C\u00e9g\u00fcnk r\u00e9sz\u00e9r\u0151l t\u00f6rt\u00e9n\u0151<br>szerz\u0151d\u00e9sk\u00f6t\u00e9si aj\u00e1nlatnak. Az aj\u00e1nlattev\u0151 \u00d6n.<br>\u00d6n a \u201eMegrendel\u00e9s elk\u00fcld\u00e9se\u201d gombra kattintva tudom\u00e1sul veszi, hogy aj\u00e1nlata<br>megtettnek min\u0151s\u00fcl \u00e9s nyilatkozata fizet\u00e9si k\u00f6telezetts\u00e9ggel j\u00e1r. Ha aj\u00e1nlat\u00e1t<br>\u00c1ltal\u00e1nos szerz\u0151d\u00e9si felt\u00e9teleink szerinti 48 \u00f3r\u00e1n bel\u00fcl nem igazoljuk vissza, \u00d6n<br>mentes\u00fcl aj\u00e1nlati k\u00f6t\u00f6tts\u00e9ge al\u00f3l.<\/h5>\n<h5>Rendel\u00e9s feldolgoz\u00e1sa \u00e9s a szerz\u0151d\u00e9s megk\u00f6t\u00e9se:<br>Webshopunkon \u00d6n b\u00e1rmikor leadhatja rendel\u00e9s\u00e9t. Rendel\u00e9s\u00e9r\u0151l automatikus<br>visszaigazol\u00e1st kap, mely rendel\u00e9se be\u00e9rkez\u00e9s\u00e9t jelenti, azonban ez a visszaigazol\u00e1s<br>nem min\u0151s\u00fcl az \u00d6n \u00e1ltal tett aj\u00e1nlat elfogad\u00e1s\u00e1nak. Ha rendel\u00e9s\u00e9t\u0151l sz\u00e1m\u00edtva 24 \u00f3r\u00e1n<br>bel\u00fcl nem kap automatikus visszaigazol\u00e1st e-mailben, k\u00e9rj\u00fck, jelezze fel\u00e9nk, hiszen<br>el\u0151fordulhat technikai probl\u00e9ma, elk\u00e9pzelhet\u0151, hogy emiatt nem \u00e9rkezett meg<br>rendszer\u00fcnkbe rendel\u00e9se.<\/h5>\n<h5>C\u00e9g\u00fcnk egy m\u00e1sodik e-mailben igazolja vissza az \u00d6n aj\u00e1nlat\u00e1t, ekkor j\u00f6n l\u00e9tre a<br>szerz\u0151d\u00e9s.<\/h5>\n<h5>Fizet\u00e9si m\u00f3dok:<br>Banki \u00e1tutal\u00e1s:<br>A fizet\u00e9s t\u00f6rt\u00e9nhet banki \u00e1tutal\u00e1ssal. A megrendel\u00e9s feldolgoz\u00e1s\u00e1t k\u00f6vet\u0151en koll\u00e9g\u00e1nk<br>elk\u00fcldi \u00d6nnek az \u00e1tutal\u00e1shoz sz\u00fcks\u00e9ges adatokat. Miut\u00e1n utal\u00e1sa be\u00e9rkezett,<br>\u00e1tadjuk csomagj\u00e1t a fut\u00e1rszolg\u00e1latnak kisz\u00e1ll\u00edt\u00e1s c\u00e9lj\u00e1b\u00f3l.<br>Ut\u00e1nv\u00e9t:<br>A fizet\u00e9s t\u00f6rt\u00e9nhet k\u00e9szp\u00e9nzben k\u00f6zvetlen\u00fcl a csomag \u00e1tv\u00e9telekor, melyet a csomag<br>k\u00e9zbes\u00edt\u00e9s\u00e9t v\u00e9gz\u0151 fut\u00e1rnak sz\u00fcks\u00e9ges \u00e1tadni. Ebben az esetben megrendel\u00e9s ut\u00e1n<br>\u00e1tadjuk a fut\u00e1rszolg\u00e1lat r\u00e9sz\u00e9re a k\u00fcldem\u00e9nyt, amit az \u00d6n \u00e1ltal megadott c\u00edmre<br>kisz\u00e1ll\u00edtanak.<br>Bankk\u00e1rty\u00e1s fizet\u00e9s Barionnal.<\/h5>\n<h3 style=\"box-sizing: inherit; font-family: Cormorant, sans-serif; letter-spacing: normal; color: #35302d;\">Mit jelent a BARION?<\/h3>\n<p style=\"box-sizing: inherit; margin-bottom: 32px; color: #464646; font-family: Karla, sans-serif; font-size: 16px;\">A Barion elektronikus fizet\u00e9seket lebonyol\u00edt\u00f3 szolg\u00e1ltat\u00e1s, amivel k\u00e9nyelmesen \u00e9s biztons\u00e1gosan tudsz bankk\u00e1rty\u00e1val, vagy el\u0151re felt\u00f6lt\u00f6tt egyenleggel fizetni web\u00e1ruh\u00e1zakban, mobilalkalmaz\u00e1sokban, vagy bar\u00e1taidnak. A szolg\u00e1ltat\u00e1st ny\u00fajt\u00f3 Barion Payment Zrt a Magyar Nemzeti Bank fel\u00fcgyelete alatt \u00e1ll\u00f3 e-p\u00e9nz kibocs\u00e1t\u00f3, enged\u00e9ly\u00e9nek sz\u00e1ma: H-EN-I-1064\/2013.<\/p>\n<h3 style=\"box-sizing: inherit; margin-top: 1.5em; font-family: Cormorant, sans-serif; letter-spacing: normal; color: #35302d;\">Fizess k\u00e9nyelmesen bankk\u00e1rty\u00e1val<\/h3>\n<p style=\"box-sizing: inherit; margin-bottom: 32px; color: #464646; font-family: Karla, sans-serif; font-size: 16px;\">A bankk\u00e1rty\u00e1s fizet\u00e9shez nem k\u00f6telez\u0151 a regisztr\u00e1ci\u00f3, el\u00e9g megadni bankk\u00e1rty\u00e1d sz\u00e1m\u00e1t, a lej\u00e1rati d\u00e1tumot \u00e9s a h\u00e1toldalon tal\u00e1lhat\u00f3 CVC k\u00f3dot, valamint egy m\u0171k\u00f6d\u0151 e-mail c\u00edmet.&nbsp;<span style=\"letter-spacing: 0em;\">Ha azonban regisztr\u00e1lsz, soha t\u00f6bb\u00e9 nem kell beg\u00e9pelned a k\u00e1rtyasz\u00e1modat egyetlen Barion elfogad\u00f3helyen sem, a fizet\u00e9shez el\u00e9g az e-mailc\u00edmed \u00e9s jelszavad.&nbsp;<\/span><span style=\"letter-spacing: 0em;\">Ez nem csak k\u00e9nyelmes, de a biztons\u00e1godat is n\u00f6veli!<\/span><\/p>\n<figure style=\"margin-bottom: 32px; box-sizing: inherit; color: #464646; font-family: Karla, sans-serif; font-size: 16px;\"><img decoding=\"async\" src=\"https:\/\/oraprojekt.cdn.shoprenter.hu\/custom\/oraprojekt\/image\/cache\/w0h0q80np1\/src\/barion-card-payment-banner-2016-432x50px.png?v=null.1706655353\" alt=\"\" data-lazyloaded=\"1\" data-src=\"https:\/\/oraprojekt.cdn.shoprenter.hu\/custom\/oraprojekt\/image\/cache\/w0h0q80np1\/src\/barion-card-payment-banner-2016-432x50px.png?v=null.1706655353\" data-ll-status=\"loaded\"><\/figure>\n<h3 style=\"box-sizing: inherit; margin-top: 1.5em; font-family: Cormorant, sans-serif; letter-spacing: normal; color: #35302d;\">Fizet\u00e9shez haszn\u00e1lhatod:<\/h3>\n<ul style=\"margin: 0px 0px 32px; color: #464646; font-family: Karla, sans-serif; font-size: 16px;\">\n<li style=\"box-sizing: inherit;\">Mastercard vagy Maestro bankk\u00e1rty\u00e1dat<\/li>\n<li style=\"box-sizing: inherit;\">Visa vagy Electron bankk\u00e1rty\u00e1dat<\/li>\n<li style=\"box-sizing: inherit;\">Amex bankk\u00e1rty\u00e1dat<\/li>\n<\/ul>\n<h3 style=\"box-sizing: inherit; margin-top: 1.5em; font-family: Cormorant, sans-serif; letter-spacing: normal; color: #35302d;\">Fizess k\u00e9nyelmesen bank\u00e1rtya n\u00e9lk\u00fcl<\/h3>\n<p style=\"box-sizing: inherit; margin-bottom: 32px; color: #464646; font-family: Karla, sans-serif; font-size: 16px;\">Ha nincsen bankk\u00e1rty\u00e1d, fizet\u00e9shez haszn\u00e1lhatod, az el\u0151re felt\u00f6lt Barion egyenlegedet, amelyet \u00e1tutal\u00e1ssal vagy k\u00e9szp\u00e9nz befizet\u00e9ssel tudsz felt\u00f6lteni, illetve amire ismer\u0151seid, \u00fczletfeleid tudnak neked p\u00e9nzt k\u00fcldeni. Ebben az esetben e-mailc\u00edmed \u00e9s jelszavad megad\u00e1s\u00e1val tudsz fizetni.<\/p>\n<h3 style=\"box-sizing: inherit; margin-top: 1.5em; font-family: Cormorant, sans-serif; letter-spacing: normal; color: #35302d;\">Ingyenes<\/h3>\n<p style=\"box-sizing: inherit; margin-bottom: 32px; color: #464646; font-family: Karla, sans-serif; font-size: 16px;\">A bankk\u00e1rty\u00e1s fizet\u00e9snek a v\u00e1s\u00e1rl\u00f3 r\u00e9sz\u00e9re nincsen \u00e9s nem is lehet fel\u00e1ra. A regisztr\u00e1ci\u00f3 \u00e9s a Barion mobilalkalmaz\u00e1s, valamint a p\u00e9nz fogad\u00e1s \u00e9s k\u00fcld\u00e9s ingyenes, \u00e9s az is marad. Nincs havi d\u00edj sem.<\/p>\n<p style=\"box-sizing: inherit; margin-bottom: 32px; color: #464646; font-family: Karla, sans-serif; font-size: 16px;\">\n<\/p><h3 style=\"box-sizing: inherit; margin-top: 1.5em; font-family: Cormorant, sans-serif; letter-spacing: normal; color: #35302d;\">Els\u0151 a biztons\u00e1g<\/h3>\n<p style=\"box-sizing: inherit; margin-bottom: 0px; color: #464646; font-family: Karla, sans-serif; font-size: 16px;\">A Barion szervereit a Norton\/Symantec\/Verisign 256bites SSL titkos\u00edt\u00e1sa v\u00e9di. Fizet\u00e9s el\u0151tt mindig ellen\u0151rizd, hogy val\u00f3ban a Barion biztons\u00e1gos szerver\u00e9n adod meg a fizet\u00e9shez sz\u00fcks\u00e9ges bankk\u00e1rtya adatokat vagy jelsz\u00f3t.A b\u00f6ng\u00e9sz\u0151d z\u00f6ld sz\u00ednnel jelzi,ha a fizet\u00e9s \u00e9s a fizet\u0151oldal tulajdonos\u00e1t Barion Payment Inc [HU] n\u00e9ven azonos\u00edtja:<\/p>\n<h5>A fizet\u00e9s t\u00f6rt\u00e9nhet biztons\u00e1gosan online, bankk\u00e1rty\u00e1val a rendel\u00e9s v\u00e9gleges\u00edt\u00e9se sor\u00e1n.<br>\u00c1tv\u00e9teli m\u00f3dok:<\/h5>\n<h5>MPL fut\u00e1rszolg\u00e1lat: H\u00e1zhozsz\u00e1ll\u00edt\u00e1s eset\u00e9n \u00e9rv\u00e9nyes sz\u00e1ll\u00edt\u00e1si d\u00edjak.<br>Sz\u00e1ll\u00edt\u00e1si id\u0151: felad\u00e1st\u00f3l sz\u00e1m\u00edtott 1-2 munkanap.<\/h5>\n<h5>MPL Csomagautomata:<br>Az MPL Csomagautomata gyors \u00e1tv\u00e9telt tesz lehet\u0151v\u00e9. Az sms-ben kapott k\u00f3d \u00e9s<br>telefonsz\u00e1ma megad\u00e1s\u00e1val jut hozz\u00e1 rendel\u00e9s\u00e9hez, amit b\u00e1rmikor \u00e1tvehet.<br>Tov\u00e1bbi inform\u00e1ci\u00f3: https:\/\/www.posta.hu\/csomagautomata<\/h5>\n<h5>MOL \u00e9s Coop Posta Pont:<br>\u25cf A legt\u00f6bb MOL Posta Ponton napi 24, a Coop Posta Ponton napi 12 \u00f3r\u00e1ban<br>van lehet\u0151s\u00e9g a csomag \u00e1tv\u00e9tel\u00e9re. Ide kattintva megn\u00e9zheti, \u00d6nnek melyik a<br>legmegfelel\u0151bb<br>\u25cf SMS-ben vagy e-mailben \u00e9rtes\u00edtj\u00fck, amint csomagja meg\u00e9rkezik<br>\u25cf K\u00f6nnyen megk\u00f6zel\u00edthet\u0151 \u00e1tv\u00e9teli pontok<br>\u25cf Egyszer\u0171, ingyenes parkol\u00e1s a benzinkutakon<br>\u25cf A MOL \u00e9s Coop Posta Pontokon bankk\u00e1rty\u00e1val is fizethet<br>A csomag max. t\u00f6mege 20 kg lehet. Ha t\u00fall\u00e9pi a 20 kg-t, nem tudjuk ezen sz\u00e1ll\u00edt\u00e1si<br>m\u00f3dot biztos\u00edtani!<\/h5>\n<h5>FoxPost:<br>A FoxPost csomagautomata f\u0151k\u00e9nt bev\u00e1s\u00e1rl\u00f3k\u00f6zpontokban el\u00e9rhet\u0151, egyszer\u0171,<br>k\u00e9nyelmes, id\u0151takar\u00e9kos csomag\u00e1tv\u00e9telt tesz lehet\u0151v\u00e9.<br>Tov\u00e1bbi inform\u00e1ci\u00f3: http:\/\/www.foxpost.hu\/csomagatvetel-hogyan\/<\/h5>\n<h5>Teljes\u00edt\u00e9si hat\u00e1rid\u0151:<br>A megrendel\u00e9s teljes\u00edt\u00e9s\u00e9re vonatkoz\u00f3 \u00e1ltal\u00e1nos hat\u00e1rid\u0151 a rendel\u00e9s visszaigazol\u00e1s\u00e1t<br>k\u00f6vet\u0151 legfeljebb 30 napon bel\u00fcl esed\u00e9kes. Abban az esetben, ha C\u00e9g\u00fcnk nem teljes\u00edti<br>a rendel\u00e9st megszabott id\u0151n bel\u00fcl, \u00fagy \u00d6n jogosult p\u00f3that\u00e1rid\u0151t adni C\u00e9g\u00fcnk r\u00e9sz\u00e9re.<br>Ha C\u00e9g\u00fcnk a p\u00f3that\u00e1rid\u0151n bel\u00fcl sem teljes\u00edt, \u00fagy \u00d6n jogosult a szerz\u0151d\u00e9st\u0151l el\u00e1llni.<\/h5>\n<h5>Jogfenntart\u00e1s \u00e9s kik\u00f6t\u00e9s:<br>Ha \u00d6n kor\u00e1bban rendelt t\u0151l\u00fcnk \u00e1rut, de azt kisz\u00e1ll\u00edt\u00e1skor nem vette \u00e1t (kiv\u00e9ve azon<br>esetet, melyben el\u00e1ll\u00e1si jog\u00e1val \u00e9lt), illetve a csomag \u201eNem kereste\u201d jelz\u00e9ssel visszaj\u00f6tt<br>hozz\u00e1nk, C\u00e9g\u00fcnk abban az esetben v\u00e1llalja a megrendel\u00e9s teljes\u00edt\u00e9s\u00e9t, amennyiben<br>a v\u00e9tel\u00e1r \u00e9s sz\u00e1ll\u00edt\u00e1si k\u00f6lts\u00e9g el\u0151re megfizet\u00e9sre ker\u00fcl.<\/h5>\n<h5>C\u00e9g\u00fcnk visszatarthatja a csomag \u00e1tad\u00e1s\u00e1t, am\u00edg meggy\u0151z\u0151d\u00fcnk az \u00e1ru v\u00e9tel\u00e1r\u00e1nak<br>sikeres kifizet\u00e9s\u00e9nek megt\u00f6rt\u00e9nt\u00e9r\u0151l online fizet\u00e9s eset\u00e9n. Ha az \u00e1ru \u00e1r\u00e1t nem<br>egyenl\u00edtette ki teljes m\u00e9rt\u00e9kben, C\u00e9g\u00fcnk felh\u00edvja a Fogyaszt\u00f3 figyelm\u00e9t a v\u00e9tel\u00e1r<br>kieg\u00e9sz\u00edt\u00e9s\u00e9re.<\/h5>\n<h5>K\u00fclf\u00f6ldi \u00e9rt\u00e9kes\u00edt\u00e9s:<br>C\u00e9g\u00fcnk els\u0151sorban Magyarorsz\u00e1g ter\u00fclet\u00e9n bel\u00fcl biztos\u00edtja a megrendelt \u00e1ruk<br>kisz\u00e1ll\u00edt\u00e1s\u00e1t\/\u00e1tv\u00e9tel\u00e9t.<br>A Magyarorsz\u00e1gon k\u00edv\u00fcli v\u00e1s\u00e1rl\u00e1sra szint\u00e9n \u00c1ltal\u00e1nos szerz\u0151d\u00e9si felt\u00e9teleink<br>ir\u00e1nyad\u00f3ak. Fogyaszt\u00f3 ebben az esetben valamely tag\u00e1llam nagykor\u00fa \u00e1llampolg\u00e1ra<br>vagy ott lak\u00f3hellyel rendelkez\u0151, gazdas\u00e1gi tev\u00e9kenys\u00e9ge, illetve szakm\u00e1ja k\u00f6r\u00e9n k\u00edv\u00fcl<br>elj\u00e1r\u00f3 term\u00e9szetes szem\u00e9ly. V\u00e1llalkoz\u00e1s pedig valamely tag\u00e1llamban leteleped\u00e9si<br>hellyel rendelkez\u0151, az Eur\u00f3pai Uni\u00f3n bel\u00fcl \u00e1rut v\u00e1s\u00e1rl\u00f3 vagy szolg\u00e1ltat\u00e1st ig\u00e9nybe<br>vev\u0151, gazdas\u00e1gi tev\u00e9kenys\u00e9ge, illetve szakm\u00e1ja k\u00f6r\u00e9ben elj\u00e1r\u00f3 szem\u00e9ly.<br>A kommunik\u00e1ci\u00f3 \u00e9s v\u00e1s\u00e1rl\u00e1s els\u0151dleges nyelve magyar. C\u00e9g\u00fcnk nem k\u00f6teles a<br>Fogyaszt\u00f3 tag\u00e1llam\u00e1nak megfelel\u0151 nyelven kommunik\u00e1lni.<br>C\u00e9g\u00fcnk nem k\u00f6teles megfelelni a k\u00fclf\u00f6ldi Fogyaszt\u00f3k\/V\u00e1llalkoz\u00e1sok tag\u00e1llama<br>szerinti nemzeti jogban az \u00e9rintett \u00e1rukkal \u00f6sszef\u00fcgg\u00e9sben meghat\u00e1rozott<br>szerz\u0151d\u00e9sen k\u00edv\u00fcli k\u00f6vetelm\u00e9nyeknek.<br>A k\u00fclf\u00f6ldi Fogyaszt\u00f3k\/V\u00e1llalkoz\u00e1sok az \u00c1ltal\u00e1nos szerz\u0151d\u00e9si felt\u00e9teleink szerint<br>\u00e9lhetnek jog\u00e9rv\u00e9nyes\u00edt\u00e9si lehet\u0151s\u00e9g\u00fckkel.<br>Online fizet\u00e9s eset\u00e9n a fizet\u00e9s a C\u00e9g\u00fcnk \u00e1ltal meghat\u00e1rozott p\u00e9nznemben t\u00f6rt\u00e9nik.<br>C\u00e9g\u00fcnk visszatarthatja az \u00e1ru \u00e1tad\u00e1s\u00e1t, am\u00edg meggy\u0151z\u0151dik a v\u00e9tel\u00e1r \u00e9s sz\u00e1ll\u00edt\u00e1si d\u00edj<br>sikeres kifizet\u00e9s\u00e9r\u0151l. Ha a v\u00e9tel\u00e1r nem ker\u00fclt teljes m\u00e9rt\u00e9kben kifizet\u00e9sre, C\u00e9g\u00fcnk<br>felh\u00edvja a Fogyaszt\u00f3\/V\u00e1llalkoz\u00e1s figyelm\u00e9t a v\u00e9tel\u00e1r kieg\u00e9sz\u00edt\u00e9s\u00e9re.<br>C\u00e9g\u00fcnk a magyar v\u00e1s\u00e1rl\u00f3kat megillet\u0151 \u00e1tad\u00e1si lehet\u0151s\u00e9geket biztos\u00edtja a nem<br>magyarorsz\u00e1gi v\u00e1s\u00e1rl\u00f3knak is, amennyiben rendelkez\u00e9sre \u00e1ll az adott orsz\u00e1gban az<br>adott sz\u00e1ll\u00edt\u00e1si m\u00f3d. A Fogyaszt\u00f3\/V\u00e1llalkoz\u00e1s k\u00e9rheti az \u00e1ru k\u00fclf\u00f6ldre t\u00f6rt\u00e9n\u0151<br>sz\u00e1ll\u00edt\u00e1s\u00e1t, a k\u00fclf\u00f6ldre vonatkoz\u00f3 sz\u00e1ll\u00edt\u00e1si d\u00edj megfizet\u00e9se mellett.<\/h5>\n<h5>Fogyaszt\u00f3i t\u00e1j\u00e9koztat\u00f3 a 45\/2014. (II. 26.) Korm. rendelet alapj\u00e1n:<\/h5>\n<h5>T\u00e1j\u00e9koztat\u00e1s a Fogyaszt\u00f3t megillet\u0151 el\u00e1ll\u00e1si jogr\u00f3l:<br>Fogyaszt\u00f3nak a Ptk. 8:1. \u00a7 1. bekezd\u00e9s 3. pontja alapj\u00e1n kiz\u00e1r\u00f3lag a szakm\u00e1ja, \u00f6n\u00e1ll\u00f3<br>foglalkoz\u00e1sa, \u00fczleti tev\u00e9kenys\u00e9ge k\u00f6r\u00e9n k\u00edv\u00fcl elj\u00e1r\u00f3 term\u00e9szetes szem\u00e9ly min\u0151s\u00fcl,<br>ennek \u00e9rtelm\u00e9ben jogi szem\u00e9lyek nem \u00e9lhetnek az indokol\u00e1s n\u00e9lk\u00fcli el\u00e1ll\u00e1s<br>jog\u00e1val!<br>A Fogyaszt\u00f3t a 45\/2014. (II. 26.) Korm. rendelet 20. \u00a7 alapj\u00e1n indokol\u00e1s n\u00e9lk\u00fcli<br>el\u00e1ll\u00e1si jog illet meg. A Fogyaszt\u00f3 gyakorolhatja el\u00e1ll\u00e1si jog\u00e1t az \u00e1ru ad\u00e1sv\u00e9tel\u00e9re<br>ir\u00e1nyul\u00f3 szerz\u0151d\u00e9s eset\u00e9n az \u00e1ru \u00e1tv\u00e9tel\u00e9nek napj\u00e1t\u00f3l sz\u00e1m\u00edtott 14 napos hat\u00e1rid\u0151n<br>bel\u00fcl.<br>A Fogyaszt\u00f3 el\u00e1ll\u00e1si jog\u00e1t gyakorolhatja a szerz\u0151d\u00e9s megk\u00f6t\u00e9s\u00e9nek \u00e9s az \u00e1ru<br>\u00e1tv\u00e9tel\u00e9nek napja k\u00f6zti id\u0151szakban is.<br>Amennyiben a szerz\u0151d\u00e9s megk\u00f6t\u00e9s\u00e9re a Fogyaszt\u00f3 tett aj\u00e1nlatot, megilleti \u0151t a<br>szerz\u0151d\u00e9s megk\u00f6t\u00e9se el\u0151tt az aj\u00e1nlat visszavon\u00e1s\u00e1nak joga, mely megsz\u00fcnteti a<br>szerz\u0151d\u00e9s megk\u00f6t\u00e9s\u00e9re ir\u00e1nyul\u00f3 aj\u00e1nlati k\u00f6t\u00f6tts\u00e9get.<\/h5>\n<h5>El\u00e1ll\u00e1si nyilatkozat, Fogyaszt\u00f3 el\u00e1ll\u00e1si \u00e9s felmond\u00e1si joga:<br>A 45\/2014. (II. 26.) Korm. rendelet 20. \u00a7-ban biztos\u00edtott jog\u00e1t a Fogyaszt\u00f3 az erre<br>vonatkoz\u00f3 nyilatkozata \u00fatj\u00e1n gyakorolhatja.<\/h5>\n<h5>Fogyaszt\u00f3i el\u00e1ll\u00e1si nyilatkozat \u00e9rv\u00e9nyess\u00e9ge:<br>Hat\u00e1rid\u0151ben \u00e9rv\u00e9nyes\u00edtettnek tekintj\u00fck az el\u00e1ll\u00e1si jogot, amennyiben a Fogyaszt\u00f3<br>nyilatkozat\u00e1t hat\u00e1rid\u0151n (14 napon) bel\u00fcl elk\u00fcldi r\u00e9sz\u00fcnkre.<br>A Fogyaszt\u00f3t terheli a bizony\u00edt\u00e1s, miszerint el\u00e1ll\u00e1si jog\u00e1t e rendelkez\u00e9ssel<br>\u00f6sszhangban gyakorolta.<\/h5>\n<h5>C\u00e9g\u00fcnk a Fogyaszt\u00f3 el\u00e1ll\u00e1si nyilatkozat\u00e1nak be\u00e9rkez\u00e9se ut\u00e1n elektronikusan<br>visszaigazolja a Fogyaszt\u00f3 sz\u00e1m\u00e1ra az el\u00e1ll\u00e1si jog gyakorl\u00e1s\u00e1nak t\u00e9ny\u00e9t, illetve<br>tudom\u00e1sul v\u00e9tel\u00e9t.<\/h5>\n<h5>C\u00e9g\u00fcnk k\u00f6telezetts\u00e9ge a Fogyaszt\u00f3 el\u00e1ll\u00e1sa eset\u00e9n:<\/h5>\n<h5>C\u00e9g\u00fcnk visszat\u00e9r\u00edt\u00e9si k\u00f6telezetts\u00e9ge:<br>Ha a Fogyaszt\u00f3 a 45\/2014. (II. 26.) Korm. rendelet 22. \u00a7 alapj\u00e1n el\u00e1ll a szerz\u0151d\u00e9st\u0151l,<br>C\u00e9g\u00fcnk az el\u00e1ll\u00e1sr\u00f3l t\u00f6rt\u00e9n\u0151 tudom\u00e1sszerz\u00e9st\u0151l sz\u00e1m\u00edtott 14 napon bel\u00fcl visszat\u00e9r\u00edti<br>a Fogyaszt\u00f3 \u00e1ltal megfizetett teljes \u00f6sszeget, a teljes\u00edt\u00e9ssel \u00f6sszef\u00fcgg\u0151 k\u00f6lts\u00e9geket is<br>bele\u00e9rtve, mint a sz\u00e1ll\u00edt\u00e1si d\u00edj. K\u00e9rj\u00fck, vegye figyelembe, hogy ezen rendelkez\u00e9s nem<br>vonatkozik a szok\u00e1sos, kev\u00e9sb\u00e9 k\u00f6lts\u00e9ges sz\u00e1ll\u00edt\u00e1si m\u00f3dt\u00f3l elt\u00e9r\u0151 sz\u00e1ll\u00edt\u00e1si m\u00f3d<br>v\u00e1laszt\u00e1s\u00e1val okozott t\u00f6bbletk\u00f6lts\u00e9gekre.<\/h5>\n<h5>C\u00e9g\u00fcnk visszat\u00e9r\u00edt\u00e9si k\u00f6telezetts\u00e9g\u00e9nek m\u00f3dja:<br>A 45\/2014. (II. 26.) Korm. rendelet 22. \u00a7 alapj\u00e1n t\u00f6rt\u00e9n\u0151 el\u00e1ll\u00e1s\/felmond\u00e1s eset\u00e9n<br>C\u00e9g\u00fcnk a Fogyaszt\u00f3nak visszaj\u00e1r\u00f3 \u00f6sszeget a Fogyaszt\u00f3 \u00e1ltal ig\u00e9nybe vett fizet\u00e9si<br>m\u00f3ddal megegyez\u0151en t\u00e9r\u00edti vissza. A Fogyaszt\u00f3 j\u00f3v\u00e1hagy\u00e1sa eset\u00e9n C\u00e9g\u00fcnk a<br>visszat\u00e9r\u00edt\u00e9sre m\u00e1s fizet\u00e9si m\u00f3dot is alkalmazhat, azonban a Fogyaszt\u00f3t ebb\u0151l ad\u00f3d\u00f3<br>t\u00f6bbletd\u00edj nem terhelheti. A Fogyaszt\u00f3 \u00e1ltal hib\u00e1san megadott banksz\u00e1mlasz\u00e1m vagy<br>postac\u00edm miatti k\u00e9sedelem folyt\u00e1n C\u00e9g\u00fcnket nem terheli felel\u0151ss\u00e9g.<\/h5>\n<h5>T\u00f6bbletk\u00f6lts\u00e9gek:<br>Ha a Fogyaszt\u00f3 a szok\u00e1sos, kev\u00e9sb\u00e9 k\u00f6lts\u00e9ges sz\u00e1ll\u00edt\u00e1si m\u00f3dt\u00f3l elt\u00e9r\u0151 sz\u00e1ll\u00edt\u00e1si m\u00f3dot<br>v\u00e1laszt, C\u00e9g\u00fcnk nem k\u00f6teles visszat\u00e9r\u00edteni az ebb\u0151l ered\u0151 t\u00f6bbletk\u00f6lts\u00e9get. Ilyenkor<br>visszat\u00e9r\u00edt\u00e9si k\u00f6telezetts\u00e9g\u00fcnk a felt\u00fcntetett \u00e1ltal\u00e1nos sz\u00e1ll\u00edt\u00e1si d\u00edjt\u00e9telek erej\u00e9ig \u00e1ll<br>fenn.<\/h5>\n<h5>Visszatart\u00e1si jog:<br>C\u00e9g\u00fcnk visszatarthatja a Fogyaszt\u00f3nak visszaj\u00e1r\u00f3 \u00f6sszeget, am\u00edg a Fogyaszt\u00f3 vissza<br>nem k\u00fcldte az \u00e1rut vagy egy\u00e9rtelm\u0171en nem igazolta, hogy visszak\u00fcldte. Ut\u00e1nv\u00e9ttel,<br>illetve port\u00f3san feladott csomagokat nem fogadunk el.<\/h5>\n<h5>Fogyaszt\u00f3 k\u00f6telezetts\u00e9gei el\u00e1ll\u00e1sa\/felmond\u00e1sa eset\u00e9n:<\/h5>\n<h5>\u00c1ru visszaszolg\u00e1ltat\u00e1sa:<br>Ha a Fogyaszt\u00f3 a 45\/2014. (II. 26.) Korm. rendelet 22. \u00a7 alapj\u00e1n el\u00e1ll a szerz\u0151d\u00e9st\u0151l,<br>az \u00e1rut halad\u00e9ktalanul, legk\u00e9s\u0151bb az el\u00e1ll\u00e1s k\u00f6zl\u00e9s\u00e9t\u0151l sz\u00e1m\u00edtott 14 napon bel\u00fcl<br>k\u00f6teles visszak\u00fcldeni vagy C\u00e9g\u00fcnk \u00e1ltal az \u00e1ru \u00e1tv\u00e9tel\u00e9re jogosult szem\u00e9lynek \u00e1tadni.<br>Hat\u00e1rid\u0151ben teljes\u00edtettnek min\u0151s\u00fcl a visszak\u00fcld\u00e9s, ha a Fogyaszt\u00f3 az \u00e1rut a hat\u00e1rid\u0151<br>lej\u00e1rta el\u0151tt elk\u00fcldi.<\/h5>\n<h5>\u00c1ru visszaszolg\u00e1ltat\u00e1s\u00e1val kapcsolatos k\u00f6lts\u00e9gek visel\u00e9se:<br>Az \u00e1ru visszak\u00fcld\u00e9s\u00e9nek k\u00f6lts\u00e9ge a Fogyaszt\u00f3t terheli. Az \u00e1rut C\u00e9g\u00fcnk c\u00edm\u00e9re<br>sz\u00fcks\u00e9ges visszak\u00fcldeni. Ha a Fogyaszt\u00f3 a szerz\u0151d\u00e9st a teljes\u00edt\u00e9s megkezd\u00e9se ut\u00e1n<br>mondja fel, a felmond\u00e1s v\u00e1llalkoz\u00e1ssal val\u00f3 k\u00f6zl\u00e9se id\u0151pontj\u00e1ig teljes\u00edtett<br>szolg\u00e1ltat\u00e1ssal ar\u00e1nyos d\u00edjat k\u00f6teles C\u00e9g\u00fcnk sz\u00e1m\u00e1ra megfizetni. A Fogyaszt\u00f3 \u00e1ltal<br>ar\u00e1nyosan fizetend\u0151 \u00f6sszeget a szerz\u0151d\u00e9sben meg\u00e1llap\u00edtott ellenszolg\u00e1ltat\u00e1s ad\u00f3val<br>n\u00f6velt teljes \u00f6sszege alapj\u00e1n kell meg\u00e1llap\u00edtani. Ha a Fogyaszt\u00f3 bizony\u00edtja, hogy az<br>\u00edgy meg\u00e1llap\u00edtott \u00f6sszeg t\u00fal magas, az ar\u00e1nyos \u00f6sszeget a szerz\u0151d\u00e9s megsz\u0171n\u00e9s\u00e9nek<br>id\u0151pontj\u00e1ig teljes\u00edtett szolg\u00e1ltat\u00e1sok piaci \u00e9rt\u00e9ke alapj\u00e1n kell kisz\u00e1m\u00edtani. Ut\u00e1nv\u00e9ttel,<br>illetve port\u00f3san feladott csomagokat nem fogadunk el.<\/h5>\n<h5>Fogyaszt\u00f3 felel\u0151ss\u00e9ge az \u00e9rt\u00e9kcs\u00f6kken\u00e9s\u00e9rt:<br>A Fogyaszt\u00f3 felel az \u00e1ru jelleg\u00e9nek, tulajdons\u00e1g\u00e1nak, m\u0171k\u00f6d\u00e9s\u00e9nek meg\u00e1llap\u00edt\u00e1s\u00e1hoz<br>sz\u00fcks\u00e9ges haszn\u00e1latot meghalad\u00f3 haszn\u00e1latb\u00f3l ered\u0151 \u00e9rt\u00e9kcs\u00f6kken\u00e9s\u00e9rt.<\/h5>\n<h5>El\u00e1ll\u00e1si jog a k\u00f6vetkez\u0151 esetekben nem gyakorolhat\u00f3:<br>Felh\u00edvjuk figyelm\u00e9t, hogy \u00d6n nem gyakorolhatja el\u00e1ll\u00e1si jog\u00e1t a 45\/2014 (II.26.)<br>Korm. Rendelet 29. \u00a7. (1) bekezd\u00e9s\u00e9ben foglalt esetekben:<br>\u25cf Alkoholtartalm\u00fa ital eset\u00e9n, melynek val\u00f3s \u00e9rt\u00e9ke C\u00e9g\u00fcnk \u00e1ltal nem<br>befoly\u00e1solhat\u00f3an, piaci \u00e1ringadoz\u00e1sokt\u00f3l f\u00fcgg \u00e9s amely \u00e1r\u00e1r\u00f3l a felek az<br>ad\u00e1sv\u00e9teli szerz\u0151d\u00e9s megk\u00f6t\u00e9sekor meg\u00e1llapodtak, de a szerz\u0151d\u00e9s teljes\u00edt\u00e9s\u00e9re<br>csak a megk\u00f6t\u00e9st\u0151l sz\u00e1m\u00edtott 30. napot k\u00f6vet\u0151en ker\u00fcl sor<br>\u25cf C\u00e9g\u00fcnk \u00e1ltal nem befoly\u00e1solhat\u00f3, az el\u00e1ll\u00e1si jog gyakorl\u00e1s\u00e1ra meghat\u00e1rozott<br>hat\u00e1rid\u0151 alatt is lehets\u00e9ges p\u00e9nzpiaci \u00e1ringadoz\u00e1st\u00f3l f\u00fcgg\u0151 \u00e1ru vagy<br>szolg\u00e1ltat\u00e1s eset\u00e9n<br>\u25cf H\u00edrlap, foly\u00f3irat, id\u0151szaki lap eset\u00e9n, az el\u0151fizet\u00e9ses szerz\u0151d\u00e9sek kiv\u00e9tel\u00e9vel<br>\u25cf Jelleg\u00e9n\u00e9l fogva \u00e1tad\u00e1s ut\u00e1n elv\u00e1laszthatatlanul m\u00e1s \u00e1ruval vegy\u00fcl\u0151 \u00e1ru<br>eset\u00e9n<br>\u25cf Lak\u00e1sc\u00e9l\u00fa szolg\u00e1ltat\u00e1s kiv\u00e9tel\u00e9vel, sz\u00e1ll\u00e1sny\u00fajt\u00e1sra ir\u00e1nyul\u00f3 szerz\u0151d\u00e9s,<br>szem\u00e9lyg\u00e9pj\u00e1rm\u0171-k\u00f6lcs\u00f6nz\u00e9s, fuvaroz\u00e1s, \u00e9tkeztet\u00e9s, szabadid\u0151s<br>tev\u00e9kenys\u00e9ghez k\u00f6t\u0151d\u0151 szolg\u00e1ltat\u00e1sra ir\u00e1nyul\u00f3 szerz\u0151d\u00e9s eset\u00e9n, ha a<br>szerz\u0151d\u00e9sben meghat\u00e1rozott teljes\u00edt\u00e9si hat\u00e1rnapot\/hat\u00e1rid\u0151t szabtak meg<br>\u25cf Lez\u00e1rt csomagol\u00e1s\u00fa hang- vagy k\u00e9pfelv\u00e9tel, sz\u00e1m\u00edt\u00f3g\u00e9pes szoftver ad\u00e1sv\u00e9tele<br>eset\u00e9n, ha az \u00e1tad\u00e1s ut\u00e1n a Fogyaszt\u00f3 a csomagol\u00e1st felbontotta<br>\u25cf Nem el\u0151re gy\u00e1rtott \u00e1ru eset\u00e9n, amit a Fogyaszt\u00f3 utas\u00edt\u00e1sa alapj\u00e1n vagy<br>k\u00e9r\u00e9s\u00e9re gy\u00e1rtottak, illetve olyan \u00e1ru eset\u00e9n, amit a Fogyaszt\u00f3 szem\u00e9ly\u00e9re<br>szabtak<br>\u25cf Nem t\u00e1rgyi adathordoz\u00f3n ny\u00fajtott digit\u00e1lis adattartalom eset\u00e9n, ha C\u00e9g\u00fcnk a<br>Fogyaszt\u00f3 kifejezett, el\u0151zetes beleegyez\u00e9s\u00e9vel kezdte meg a teljes\u00edt\u00e9st \u00e9s a<br>Fogyaszt\u00f3 a beleegyez\u00e9s\u00e9vel egyidej\u0171leg nyilatkozott, hogy tudom\u00e1sul veszi,<br>hogy a teljes\u00edt\u00e9s megkezd\u00e9s\u00e9t k\u00f6vet\u0151en elvesz\u00edti el\u00e1ll\u00e1si jog\u00e1t<br>\u25cf Nyilv\u00e1nos \u00e1rver\u00e9sen megk\u00f6t\u00f6tt szerz\u0151d\u00e9sek eset\u00e9n<br>\u25cf Romland\u00f3 vagy min\u0151s\u00e9g\u00e9t r\u00f6vid ideig meg\u0151rz\u0151 \u00e1ru eset\u00e9n<\/h5>\n<h5>\u25cf Szolg\u00e1ltat\u00e1s ny\u00fajt\u00e1s\u00e1ra ir\u00e1nyul\u00f3 szerz\u0151d\u00e9s eset\u00e9n a szolg\u00e1ltat\u00e1s eg\u00e9sz\u00e9nek<br>teljes\u00edt\u00e9se ut\u00e1n, ha C\u00e9g\u00fcnk a teljes\u00edt\u00e9st a Fogyaszt\u00f3 kifejezett, el\u0151zetes<br>beleegyez\u00e9s\u00e9vel kezdte meg \u00e9s a Fogyaszt\u00f3 tudom\u00e1sul vette, hogy a<br>szolg\u00e1ltat\u00e1s eg\u00e9sz\u00e9nek teljes\u00edt\u00e9se ut\u00e1n felmond\u00e1si jog\u00e1t elvesz\u00edti<br>\u25cf V\u00e1llalkoz\u00e1si szerz\u0151d\u00e9s eset\u00e9n, melyben C\u00e9g\u00fcnk a Fogyaszt\u00f3 kifejezett k\u00e9r\u00e9s\u00e9re<br>keresi fel a Fogyaszt\u00f3t s\u00fcrg\u0151s jav\u00edt\u00e1si\/karbantart\u00e1si munk\u00e1k elv\u00e9gz\u00e9se<br>c\u00e9lj\u00e1b\u00f3l<br>\u25cf Z\u00e1rt csomagol\u00e1s\u00fa \u00e1ru eset\u00e9n, mely eg\u00e9szs\u00e9gv\u00e9delmi vagy higi\u00e9niai okok miatt<br>az \u00e1tad\u00e1st k\u00f6vet\u0151 felbont\u00e1s ut\u00e1n nem k\u00fcldhet\u0151 vissza<br>Kell\u00e9kszavatoss\u00e1g, term\u00e9kszavatoss\u00e1g, j\u00f3t\u00e1ll\u00e1s t\u00e1j\u00e9koztat\u00e1s fogyaszt\u00f3i<br>szerz\u0151d\u00e9sekre vonatkoz\u00f3an<br>A Fogyaszt\u00f3i t\u00e1j\u00e9koztat\u00f3 ezen pontja a 45\/2014 (II.26.) Korm. rendelet 9. \u00a7 (3)<br>bekezd\u00e9se felhatalmaz\u00e1sa alapj\u00e1n a 45\/2014 (II.26.) Korm. rendelet 3. sz\u00e1m\u00fa<br>mell\u00e9klete alkalmaz\u00e1s\u00e1val k\u00e9sz\u00fclt.<br>Ezen t\u00e1j\u00e9koztat\u00f3 kiz\u00e1r\u00f3lag fogyaszt\u00f3nak min\u0151s\u00fcl\u0151 v\u00e1s\u00e1rl\u00f3ra vonatkozik, a<br>fogyaszt\u00f3nak nem min\u0151s\u00fcl\u0151 v\u00e1s\u00e1rl\u00f3ra vonatkoz\u00f3 szab\u00e1lyok k\u00fcl\u00f6n fejezetben<br>ker\u00fclnek meghat\u00e1roz\u00e1sra.<br>A teljes\u00edt\u00e9s szerz\u0151d\u00e9sszer\u0171s\u00e9g\u00e9nek \u00e1ltal\u00e1nos k\u00f6vetelm\u00e9nyei fogyaszt\u00f3i<br>szerz\u0151d\u00e9s eset\u00e9n<br>Az \u00e1runak a teljes\u00edt\u00e9s id\u0151pontj\u00e1ban meg kell felelnie az 373\/2021. (VI.30.) Korm.<br>rendeletben foglalt k\u00f6vetelm\u00e9nyeknek.<br>Ahhoz, hogy a teljes\u00edt\u00e9s szerz\u0151d\u00e9sszer\u0171nek min\u0151s\u00fclj\u00f6n a szerz\u0151d\u00e9s t\u00e1rgy\u00e1t k\u00e9pez\u0151<br>\u00e1runak<br>\u25cf meg kell felelnie a szerz\u0151d\u00e9sben foglalt le\u00edr\u00e1snak, mennyis\u00e9gnek, min\u0151s\u00e9gnek,<br>t\u00edpusnak, valamint rendelkeznie kell a szerz\u0151d\u00e9sben meghat\u00e1rozott<br>funkcionalit\u00e1ssal, kompatibilit\u00e1ssal, interoperabilit\u00e1ssal \u00e9s egy\u00e9b, a szerz\u0151d\u00e9s<br>szerinti jellemz\u0151kkel<br>\u25cf alkalmasnak kell lennie a fogyaszt\u00f3 \u00e1ltal meghat\u00e1rozott b\u00e1rmely c\u00e9lra, amelyet<br>a fogyaszt\u00f3 legk\u00e9s\u0151bb a szerz\u0151d\u00e9s megk\u00f6t\u00e9sekor a v\u00e1llalkoz\u00e1s tudom\u00e1s\u00e1ra<br>hozott, \u00e9s amelyet a v\u00e1llalkoz\u00e1s elfogadott<\/h5>\n<h5>\u25cf rendelkeznie kell a szerz\u0151d\u00e9sben meghat\u00e1rozott valamennyi tartoz\u00e9kkal,<br>haszn\u00e1lati \u00fatmutat\u00f3val &#8211; ide\u00e9rtve az \u00fczembe helyez\u00e9sre vonatkoz\u00f3 utas\u00edt\u00e1st,<br>a telep\u00edt\u00e9si utas\u00edt\u00e1st, valamint az \u00fcgyf\u00e9lszolg\u00e1lati t\u00e1mogat\u00e1st<br>\u25cf biztos\u00edtania kell a szerz\u0151d\u00e9sben meghat\u00e1rozott friss\u00edt\u00e9seket<br>Ahhoz, hogy a teljes\u00edt\u00e9s szerz\u0151d\u00e9sszer\u0171nek min\u0151s\u00fclj\u00f6n &#8211; tov\u00e1bb\u00e1 &#8211; a szerz\u0151d\u00e9s<br>t\u00e1rgy\u00e1t k\u00e9pez\u0151 \u00e1runak<br>\u25cf alkalmasnak kell lennie azokra a c\u00e9lokra, amelyeket azonos t\u00edpus\u00fa<br>szolg\u00e1ltat\u00e1s eset\u00e9n jogszab\u00e1ly, m\u0171szaki szabv\u00e1ny vagy m\u0171szaki szabv\u00e1ny<br>hi\u00e1ny\u00e1ban az ir\u00e1nyad\u00f3 magatart\u00e1si k\u00f3dex el\u0151\u00edr<br>\u25cf rendelkeznie kell a fogyaszt\u00f3 \u00e1ltal \u00e9szszer\u0171en elv\u00e1rhat\u00f3 azon mennyis\u00e9ggel,<br>min\u0151s\u00e9ggel, teljes\u00edtm\u00e9ny- \u00e9s egy\u00e9b jellemz\u0151kkel &#8211; k\u00fcl\u00f6n\u00f6sen a funkcionalit\u00e1s,<br>a kompatibilit\u00e1s, a hozz\u00e1f\u00e9rhet\u0151s\u00e9g, a folyamatoss\u00e1g \u00e9s a biztons\u00e1goss\u00e1g<br>tekintet\u00e9ben -, amely azonos t\u00edpus\u00fa \u00e1ru eset\u00e9n szok\u00e1sos, figyelembe v\u00e9ve a<br>v\u00e1llalkoz\u00e1s, annak k\u00e9pvisel\u0151je vagy az \u00e9rt\u00e9kes\u00edt\u00e9si l\u00e1ncban r\u00e9szt vev\u0151 m\u00e1s<br>szem\u00e9ly a szolg\u00e1ltat\u00e1s konkr\u00e9t tulajdons\u00e1gaira vonatkoz\u00f3 nyilv\u00e1nos &#8211;<br>k\u00fcl\u00f6n\u00f6sen hirdet\u00e9sben vagy c\u00edmk\u00e9n tett \u2013 kijelent\u00e9s\u00e9t<br>\u25cf rendelkeznie kell a fogyaszt\u00f3 \u00e1ltal \u00e9szszer\u0171en elv\u00e1rhat\u00f3 tartoz\u00e9kokkal \u00e9s<br>\u00fatmutat\u00f3kkal &#8211; ide\u00e9rtve a csomagol\u00e1st, illetve az \u00fczembe helyez\u00e9sre vonatkoz\u00f3<br>utas\u00edt\u00e1st<br>\u25cf meg kell felelnie a v\u00e1llalkoz\u00e1s \u00e1ltal a szerz\u0151d\u00e9sk\u00f6t\u00e9st megel\u0151z\u0151en mintak\u00e9nt,<br>modellk\u00e9nt bemutatott vagy pr\u00f3baverzi\u00f3k\u00e9nt el\u00e9rhet\u0151v\u00e9 tett szolg\u00e1ltat\u00e1s<br>tulajdons\u00e1gainak, le\u00edr\u00e1s\u00e1nak<br>Az \u00e1runak abban az esetben nem kell megfelelnie a fenti nyilv\u00e1nos kijelent\u00e9snek,<br>amennyiben C\u00e9g\u00fcnk bizony\u00edtani tudja, hogy<br>\u25cf a nyilv\u00e1nos kijelent\u00e9st nem ismerte, \u00e9s azt nem is kellett ismernie<br>\u25cf a nyilv\u00e1nos kijelent\u00e9st a szerz\u0151d\u00e9sk\u00f6t\u00e9s id\u0151pontj\u00e1ig m\u00e1r megfelel\u0151 m\u00f3don<br>helyesb\u00edtett\u00e9k<br>\u25cf a nyilv\u00e1nos kijelent\u00e9s a jogosult szerz\u0151d\u00e9sk\u00f6t\u00e9si elhat\u00e1roz\u00e1s\u00e1t nem<br>befoly\u00e1solhatta<br>A teljes\u00edt\u00e9s szerz\u0151d\u00e9sszer\u0171s\u00e9g\u00e9nek egyedi k\u00f6vetelm\u00e9nyei digit\u00e1lis elemeket<br>tartalmaz\u00f3 \u00e1ru eset\u00e9n<\/h5>\n<h5>Digit\u00e1lis elemeket tartalmaz\u00f3 \u00e1ru eset\u00e9ben C\u00e9g\u00fcnknek biztos\u00edtania kell, hogy a<br>fogyaszt\u00f3 \u00e9rtes\u00edt\u00e9st kapjon az \u00e1ru digit\u00e1lis tartalm\u00e1nak vagy az azzal kapcsolatos<br>digit\u00e1lis szolg\u00e1ltat\u00e1s olyan friss\u00edt\u00e9seir\u0151l &#8211; ide\u00e9rtve a biztons\u00e1gi friss\u00edt\u00e9seket is -,<br>amelyek az \u00e1ru szerz\u0151d\u00e9sszer\u0171s\u00e9g\u00e9nek fenntart\u00e1s\u00e1hoz sz\u00fcks\u00e9gesek, valamint<br>biztos\u00edtania kell, hogy a fogyaszt\u00f3 meg is kapja azokat.<\/h5>\n<h5>C\u00e9g\u00fcnknek a friss\u00edt\u00e9s el\u00e9rhet\u0151v\u00e9 t\u00e9tel\u00e9t, ha az ad\u00e1sv\u00e9teli szerz\u0151d\u00e9s<br>\u25cf a digit\u00e1lis tartalom vagy a digit\u00e1lis szolg\u00e1ltat\u00e1s egyszeri szolg\u00e1ltat\u00e1s\u00e1r\u00f3l<br>rendelkezik, akkor az \u00e1ru \u00e9s a digit\u00e1lis elemek t\u00edpusa \u00e9s c\u00e9lja, valamint az<br>egyedi k\u00f6r\u00fclm\u00e9nyek \u00e9s a szerz\u0151d\u00e9s jellege alapj\u00e1n a fogyaszt\u00f3 \u00e1ltal \u00e9szszer\u0171en<br>elv\u00e1rhat\u00f3; vagy<br>\u25cf a digit\u00e1lis tartalom meghat\u00e1rozott id\u0151szakon kereszt\u00fcl t\u00f6rt\u00e9n\u0151 folyamatos<br>szolg\u00e1ltat\u00e1sr\u00f3l rendelkezik, akkor k\u00e9t \u00e9vet meg nem halad\u00f3 id\u0151tartam\u00fa<br>folyamatos szolg\u00e1ltat\u00e1s eset\u00e9n az \u00e1ru teljes\u00edt\u00e9s\u00e9t\u0151l sz\u00e1m\u00edtott k\u00e9t \u00e9ven<br>kereszt\u00fcl biztos\u00edtania kell.<br>Ha a fogyaszt\u00f3 nem telep\u00edti \u00e9szszer\u0171 hat\u00e1rid\u0151n bel\u00fcl a fent meghat\u00e1rozott m\u00f3don<br>rendelkez\u00e9sre bocs\u00e1tott friss\u00edt\u00e9seket, a v\u00e1llalkoz\u00e1s nem felel az \u00e1ru hib\u00e1j\u00e1\u00e9rt, ha az<br>kiz\u00e1r\u00f3lag a vonatkoz\u00f3 friss\u00edt\u00e9s alkalmaz\u00e1s\u00e1nak hi\u00e1ny\u00e1b\u00f3l fakad, felt\u00e9ve, hogy<br>\u25cf a v\u00e1llalkoz\u00e1s t\u00e1j\u00e9koztatta a fogyaszt\u00f3t a friss\u00edt\u00e9s el\u00e9rhet\u0151s\u00e9g\u00e9r\u0151l \u00e9s a telep\u00edt\u00e9s<br>fogyaszt\u00f3 \u00e1ltali elmulaszt\u00e1s\u00e1nak k\u00f6vetkezm\u00e9nyeir\u0151l; \u00e9s<br>\u25cf a friss\u00edt\u00e9s fogyaszt\u00f3 \u00e1ltali telep\u00edt\u00e9s\u00e9nek elmulaszt\u00e1sa vagy a friss\u00edt\u00e9s fogyaszt\u00f3<br>\u00e1ltali helytelen telep\u00edt\u00e9se nem a v\u00e1llalkoz\u00e1s \u00e1ltal biztos\u00edtott telep\u00edt\u00e9si \u00fatmutat\u00f3<br>hi\u00e1nyoss\u00e1g\u00e1nak tudhat\u00f3 be<br>Nem \u00e1llap\u00edthat\u00f3 meg hib\u00e1s teljes\u00edt\u00e9s, ha a szerz\u0151d\u00e9s megk\u00f6t\u00e9sekor a fogyaszt\u00f3 k\u00fcl\u00f6n<br>t\u00e1j\u00e9koztat\u00e1st kapott arr\u00f3l, hogy az \u00e1ru valamely konkr\u00e9t tulajdons\u00e1ga elt\u00e9r a<br>fentiekben meghat\u00e1rozott k\u00f6vetelm\u00e9nyekt\u0151l, \u00e9s az ad\u00e1sv\u00e9teli szerz\u0151d\u00e9s megk\u00f6t\u00e9sekor<br>a fogyaszt\u00f3 ezt az elt\u00e9r\u00e9st k\u00fcl\u00f6n, kifejezetten elfogadta.<br>A teljes\u00edt\u00e9s szerz\u0151d\u00e9sszer\u0171s\u00e9g\u00e9nek egyedi k\u00f6vetelm\u00e9nyei \u00e1ru eset\u00e9n<br>C\u00e9g\u00fcnk hib\u00e1san teljes\u00edt, ha az \u00e1ru hib\u00e1ja a szakszer\u0171tlen \u00fczembe helyez\u00e9s\u00e9b\u0151l fakad,<br>felt\u00e9ve, hogy<\/h5>\n<h5>\u25cf az \u00fczembe helyez\u00e9s az ad\u00e1sv\u00e9teli szerz\u0151d\u00e9s r\u00e9sz\u00e9t k\u00e9pezi, \u00e9s azt C\u00e9g\u00fcnk<br>v\u00e9gezte el, vagy C\u00e9g\u00fcnk felel\u0151ss\u00e9gv\u00e1llal\u00e1sa mellett v\u00e9gezt\u00e9k el; vagy<br>\u25cf az \u00fczembe helyez\u00e9st a fogyaszt\u00f3nak kellett elv\u00e9geznie, \u00e9s a szakszer\u0171tlen<br>\u00fczembe helyez\u00e9s C\u00e9g\u00fcnk \u00e1ltal &#8211; illetve digit\u00e1lis elemeket tartalmaz\u00f3 \u00e1ruk<br>eset\u00e9ben a digit\u00e1lis tartalom vagy digit\u00e1lis szolg\u00e1ltat\u00e1s szolg\u00e1ltat\u00f3ja \u00e1ltal &#8211;<br>rendelkez\u00e9sre bocs\u00e1tott \u00fczembe helyez\u00e9si utas\u00edt\u00e1sok hi\u00e1nyoss\u00e1gainak<br>k\u00f6vetkezm\u00e9nye<br>Ha az ad\u00e1sv\u00e9teli szerz\u0151d\u00e9s szerint az \u00e1rut C\u00e9g\u00fcnk helyezi \u00fczembe, vagy az \u00fczembe<br>helyez\u00e9s C\u00e9g\u00fcnk felel\u0151ss\u00e9gv\u00e1llal\u00e1sa mellett t\u00f6rt\u00e9nik, a teljes\u00edt\u00e9st akkor kell C\u00e9g\u00fcnk<br>\u00e1ltal befejezettnek tekinteni, amikor az \u00fczembe helyez\u00e9s befejez\u0151d\u00f6tt.<\/h5>\n<h5>Ha a digit\u00e1lis elemeket tartalmaz\u00f3 \u00e1ru eset\u00e9ben az ad\u00e1sv\u00e9teli szerz\u0151d\u00e9s a digit\u00e1lis<br>tartalom vagy digit\u00e1lis szolg\u00e1ltat\u00e1s meghat\u00e1rozott id\u0151tartamon kereszt\u00fcl t\u00f6rt\u00e9n\u0151<br>folyamatos szolg\u00e1ltat\u00e1s\u00e1r\u00f3l rendelkezik, C\u00e9g\u00fcnk felel az \u00e1ru digit\u00e1lis tartalommal<br>vagy digit\u00e1lis szolg\u00e1ltat\u00e1ssal kapcsolatos hib\u00e1j\u00e1\u00e9rt, amennyiben a hiba<br>\u25cf k\u00e9t \u00e9vet meg nem halad\u00f3 id\u0151tartam\u00fa folyamatos szolg\u00e1ltat\u00e1s eset\u00e9n az \u00e1ru<br>teljes\u00edt\u00e9s\u00e9t\u0151l sz\u00e1m\u00edtott k\u00e9t \u00e9ven bel\u00fcl; vagy<br>\u25cf k\u00e9t \u00e9vet meghalad\u00f3 id\u0151tartam\u00fa folyamatos szolg\u00e1ltat\u00e1s eset\u00e9n a folyamatos<br>szolg\u00e1ltat\u00e1s teljes id\u0151tartama alatt k\u00f6vetkezik be vagy v\u00e1lik felismerhet\u0151v\u00e9.<br>Kell\u00e9kszavatoss\u00e1g:<br>Milyen esetben \u00e9lhet \u00d6n kell\u00e9kszavatoss\u00e1gi jog\u00e1val?<br>\u00d6n C\u00e9g\u00fcnk hib\u00e1s teljes\u00edt\u00e9se eset\u00e9n C\u00e9g\u00fcnkkel szemben kell\u00e9kszavatoss\u00e1gi ig\u00e9ny\u00e9t<br>\u00e9rv\u00e9nyes\u00edtheti a Polg\u00e1ri T\u00f6rv\u00e9nyk\u00f6nyv, illetve a fogyaszt\u00f3i szerz\u0151d\u00e9s eset\u00e9n a<br>373\/2021 (VI.30.) Korm. rendelet vonatkoz\u00f3 szab\u00e1lyai szerint.<\/h5>\n<p><\/p>\n<p><\/p>\t\t\t\t\t\t\t\t<\/div>\n\t\t\t\t<\/div>\n\t\t\t\t\t<\/div>\n\t\t\t\t<\/div>\n\t\t\t\t<\/div>\n\t\t","protected":false},"excerpt":{"rendered":"<p>Legyen kedves gondosan elolvasni \u00c1ltal\u00e1nos szerz\u0151d\u00e9si felt\u00e9teleinket, hiszen \u00d6n rendel\u00e9se lead\u00e1s\u00e1val elfogadja C\u00e9g\u00fcnk \u00c1ltal\u00e1nos szerz\u0151d\u00e9si felt\u00e9teleit! Amennyiben webshopunk haszn\u00e1lat\u00e1val, a v\u00e1s\u00e1rl\u00e1s folyamat\u00e1val, az \u00e1ltalunk \u00e9rt\u00e9kes\u00edtett \u00e1rukkal vagy \u00c1ltal\u00e1nos szerz\u0151d\u00e9si felt\u00e9teleinkkel kapcsolatos k\u00e9rd\u00e9sevan, felveheti C\u00e9g\u00fcnkkel a kapcsolatot az al\u00e1bbi el\u00e9rhet\u0151s\u00e9geken: Adatok: D\u00e9vabor &#8211; Hausel D\u00f3ra \u00c9vaSz\u00e9khelye: 3907, T\u00e1llya, Zr\u00ednyi Mikl\u00f3s utca 32.Postac\u00edme: 3907, T\u00e1llya, Zr\u00ednyi Mikl\u00f3s&#8230;<\/p>","protected":false},"author":1,"featured_media":0,"parent":0,"menu_order":0,"comment_status":"closed","ping_status":"closed","template":"","meta":{"_seopress_robots_primary_cat":"","_seopress_titles_title":"","_seopress_titles_desc":"","_seopress_robots_index":"","_kad_post_transparent":"","_kad_post_title":"","_kad_post_layout":"","_kad_post_sidebar_id":"","_kad_post_content_style":"","_kad_post_vertical_padding":"","_kad_post_feature":"","_kad_post_feature_position":"","_kad_post_header":false,"_kad_post_footer":false,"_kad_post_classname":"","footnotes":""},"class_list":["post-2328","page","type-page","status-publish","hentry"],"jetpack_sharing_enabled":true,"_links":{"self":[{"href":"https:\/\/devabor.com\/en\/wp-json\/wp\/v2\/pages\/2328","targetHints":{"allow":["GET"]}}],"collection":[{"href":"https:\/\/devabor.com\/en\/wp-json\/wp\/v2\/pages"}],"about":[{"href":"https:\/\/devabor.com\/en\/wp-json\/wp\/v2\/types\/page"}],"author":[{"embeddable":true,"href":"https:\/\/devabor.com\/en\/wp-json\/wp\/v2\/users\/1"}],"replies":[{"embeddable":true,"href":"https:\/\/devabor.com\/en\/wp-json\/wp\/v2\/comments?post=2328"}],"version-history":[{"count":6,"href":"https:\/\/devabor.com\/en\/wp-json\/wp\/v2\/pages\/2328\/revisions"}],"predecessor-version":[{"id":2601,"href":"https:\/\/devabor.com\/en\/wp-json\/wp\/v2\/pages\/2328\/revisions\/2601"}],"wp:attachment":[{"href":"https:\/\/devabor.com\/en\/wp-json\/wp\/v2\/media?parent=2328"}],"curies":[{"name":"wp","href":"https:\/\/api.w.org\/{rel}","templated":true}]}}